{"id":17296,"date":"2025-01-10T15:56:20","date_gmt":"2025-01-10T12:56:20","guid":{"rendered":"https:\/\/apecmodular.com\/?page_id=17296"},"modified":"2025-02-19T13:06:08","modified_gmt":"2025-02-19T10:06:08","slug":"cuisine-et-refectoire-modulaires","status":"publish","type":"page","link":"https:\/\/apecmodular.com\/fr\/cuisine-et-refectoire-modulaires\/","title":{"rendered":"Cuisine et R\u00e9fectoire Modulaires"},"content":{"rendered":"\t\t<div data-elementor-type=\"wp-page\" data-elementor-id=\"17296\" class=\"elementor elementor-17296 elementor-17272\" data-elementor-post-type=\"page\">\n\t\t\t\t<div class=\"elementor-element elementor-element-7e3720b e-flex e-con-boxed e-con e-parent\" data-id=\"7e3720b\" data-element_type=\"container\" data-settings=\"{&quot;background_background&quot;:&quot;classic&quot;}\">\n\t\t\t\t\t<div class=\"e-con-inner\">\n\t\t\t\t\t<\/div>\n\t\t\t\t<\/div>\n\t\t<div class=\"elementor-element elementor-element-ca2ef15 e-flex e-con-boxed e-con e-parent\" data-id=\"ca2ef15\" data-element_type=\"container\" data-settings=\"{&quot;background_background&quot;:&quot;classic&quot;}\">\n\t\t\t\t\t<div class=\"e-con-inner\">\n\t\t<div class=\"elementor-element elementor-element-0fe0b70 e-flex e-con-boxed elementor-invisible e-con e-child\" data-id=\"0fe0b70\" data-element_type=\"container\" data-settings=\"{&quot;background_background&quot;:&quot;classic&quot;,&quot;animation&quot;:&quot;fadeInUp&quot;}\">\n\t\t\t\t\t<div class=\"e-con-inner\">\n\t\t\t\t<div class=\"elementor-element elementor-element-cc06ca3 elementor-widget elementor-widget-heading\" data-id=\"cc06ca3\" data-element_type=\"widget\" data-widget_type=\"heading.default\">\n\t\t\t\t<div class=\"elementor-widget-container\">\n\t\t\t\t\t<h1 class=\"elementor-heading-title elementor-size-default\"><span class=\"bold\">CUISINE ET R\u00c9FECTOIRE <\/span>MODULAIRES<\/h1>\t\t\t\t<\/div>\n\t\t\t\t<\/div>\n\t\t\t\t\t<\/div>\n\t\t\t\t<\/div>\n\t\t\t\t\t<\/div>\n\t\t\t\t<\/div>\n\t\t<div class=\"elementor-element elementor-element-97bf1f1 e-flex e-con-boxed e-con e-parent\" data-id=\"97bf1f1\" data-element_type=\"container\">\n\t\t\t\t\t<div class=\"e-con-inner\">\n\t\t\t\t<div class=\"elementor-element elementor-element-b9bb3f3 elementor-widget elementor-widget-text-editor\" data-id=\"b9bb3f3\" data-element_type=\"widget\" data-widget_type=\"text-editor.default\">\n\t\t\t\t<div class=\"elementor-widget-container\">\n\t\t\t\t\t\t\t\t\t<p>Les <strong>structures de cuisine et r\u00e9fectoire modulaires<\/strong> offrent des solutions de restauration fonctionnelles et flexibles pour des groupes de toutes tailles. Elles se distinguent comme une option \u00e9conomique principalement sur les lieux de travail, les chantiers de construction, les camps militaires et les zones sinistr\u00e9es. Ces structures, qui constituent une excellente solution pour les zones de pr\u00e9paration des repas et de restauration, peuvent \u00eatre facilement utilis\u00e9es pour r\u00e9pondre aux demandes importantes de repas. Elles offrent une grande commodit\u00e9 dans les zones d&rsquo;installation temporaires ou permanentes. Tout en permettant aux employ\u00e9s ou aux personnes ayant besoin de repas de manger confortablement, elles facilitent \u00e9galement la pr\u00e9paration des aliments gr\u00e2ce \u00e0 des d\u00e9tails fonctionnels dans le processus de pr\u00e9paration.<\/p>\t\t\t\t\t\t\t\t<\/div>\n\t\t\t\t<\/div>\n\t\t\t\t\t<\/div>\n\t\t\t\t<\/div>\n\t\t<div class=\"elementor-element elementor-element-e4e9898 e-grid e-con-boxed e-con e-parent\" data-id=\"e4e9898\" data-element_type=\"container\">\n\t\t\t\t\t<div class=\"e-con-inner\">\n\t\t\t\t<div class=\"elementor-element elementor-element-79259f9 elementor-widget elementor-widget-image\" data-id=\"79259f9\" data-element_type=\"widget\" data-widget_type=\"image.default\">\n\t\t\t\t<div class=\"elementor-widget-container\">\n\t\t\t\t\t\t\t\t\t\t\t\t\t\t\t<img fetchpriority=\"high\" decoding=\"async\" width=\"800\" height=\"437\" src=\"https:\/\/apecmodular.com\/wp-content\/uploads\/2025\/02\/modular-kitchens-dining-halls-1-1024x559.webp\" class=\"attachment-large size-large wp-image-20289\" alt=\"\" srcset=\"https:\/\/apecmodular.com\/wp-content\/uploads\/2025\/02\/modular-kitchens-dining-halls-1-1024x559.webp 1024w, https:\/\/apecmodular.com\/wp-content\/uploads\/2025\/02\/modular-kitchens-dining-halls-1-300x164.webp 300w, https:\/\/apecmodular.com\/wp-content\/uploads\/2025\/02\/modular-kitchens-dining-halls-1-768x419.webp 768w, https:\/\/apecmodular.com\/wp-content\/uploads\/2025\/02\/modular-kitchens-dining-halls-1.webp 1408w\" sizes=\"(max-width: 800px) 100vw, 800px\" title=\"\">\t\t\t\t\t\t\t\t\t\t\t\t\t\t\t<\/div>\n\t\t\t\t<\/div>\n\t\t\t\t<div class=\"elementor-element elementor-element-d103e64 elementor-widget elementor-widget-image\" data-id=\"d103e64\" data-element_type=\"widget\" data-widget_type=\"image.default\">\n\t\t\t\t<div class=\"elementor-widget-container\">\n\t\t\t\t\t\t\t\t\t\t\t\t\t\t\t<img decoding=\"async\" width=\"800\" height=\"437\" src=\"https:\/\/apecmodular.com\/wp-content\/uploads\/2025\/02\/modular-kitchens-dining-halls-8-2-1024x559.webp\" class=\"attachment-large size-large wp-image-20294\" alt=\"\" srcset=\"https:\/\/apecmodular.com\/wp-content\/uploads\/2025\/02\/modular-kitchens-dining-halls-8-2-1024x559.webp 1024w, https:\/\/apecmodular.com\/wp-content\/uploads\/2025\/02\/modular-kitchens-dining-halls-8-2-300x164.webp 300w, https:\/\/apecmodular.com\/wp-content\/uploads\/2025\/02\/modular-kitchens-dining-halls-8-2-768x419.webp 768w, https:\/\/apecmodular.com\/wp-content\/uploads\/2025\/02\/modular-kitchens-dining-halls-8-2.webp 1408w\" sizes=\"(max-width: 800px) 100vw, 800px\" title=\"\">\t\t\t\t\t\t\t\t\t\t\t\t\t\t\t<\/div>\n\t\t\t\t<\/div>\n\t\t\t\t<div class=\"elementor-element elementor-element-a64cb54 elementor-widget elementor-widget-image\" data-id=\"a64cb54\" data-element_type=\"widget\" data-widget_type=\"image.default\">\n\t\t\t\t<div class=\"elementor-widget-container\">\n\t\t\t\t\t\t\t\t\t\t\t\t\t\t\t<img decoding=\"async\" width=\"800\" height=\"437\" src=\"https:\/\/apecmodular.com\/wp-content\/uploads\/2025\/02\/modular-kitchens-dining-halls-7-1-1024x559.webp\" class=\"attachment-large size-large wp-image-20299\" alt=\"\" srcset=\"https:\/\/apecmodular.com\/wp-content\/uploads\/2025\/02\/modular-kitchens-dining-halls-7-1-1024x559.webp 1024w, https:\/\/apecmodular.com\/wp-content\/uploads\/2025\/02\/modular-kitchens-dining-halls-7-1-300x164.webp 300w, https:\/\/apecmodular.com\/wp-content\/uploads\/2025\/02\/modular-kitchens-dining-halls-7-1-768x419.webp 768w, https:\/\/apecmodular.com\/wp-content\/uploads\/2025\/02\/modular-kitchens-dining-halls-7-1.webp 1408w\" sizes=\"(max-width: 800px) 100vw, 800px\" title=\"\">\t\t\t\t\t\t\t\t\t\t\t\t\t\t\t<\/div>\n\t\t\t\t<\/div>\n\t\t\t\t<div class=\"elementor-element elementor-element-c275e6d elementor-widget elementor-widget-image\" data-id=\"c275e6d\" data-element_type=\"widget\" data-widget_type=\"image.default\">\n\t\t\t\t<div class=\"elementor-widget-container\">\n\t\t\t\t\t\t\t\t\t\t\t\t\t\t\t<img loading=\"lazy\" decoding=\"async\" width=\"800\" height=\"437\" src=\"https:\/\/apecmodular.com\/wp-content\/uploads\/2025\/02\/modular-kitchens-dining-halls-13-1-1-1024x559.webp\" class=\"attachment-large size-large wp-image-20304\" alt=\"\" srcset=\"https:\/\/apecmodular.com\/wp-content\/uploads\/2025\/02\/modular-kitchens-dining-halls-13-1-1-1024x559.webp 1024w, https:\/\/apecmodular.com\/wp-content\/uploads\/2025\/02\/modular-kitchens-dining-halls-13-1-1-300x164.webp 300w, https:\/\/apecmodular.com\/wp-content\/uploads\/2025\/02\/modular-kitchens-dining-halls-13-1-1-768x419.webp 768w, https:\/\/apecmodular.com\/wp-content\/uploads\/2025\/02\/modular-kitchens-dining-halls-13-1-1.webp 1408w\" sizes=\"(max-width: 800px) 100vw, 800px\" title=\"\">\t\t\t\t\t\t\t\t\t\t\t\t\t\t\t<\/div>\n\t\t\t\t<\/div>\n\t\t\t\t\t<\/div>\n\t\t\t\t<\/div>\n\t\t<div class=\"elementor-element elementor-element-4cd34a7 e-flex e-con-boxed e-con e-parent\" data-id=\"4cd34a7\" data-element_type=\"container\">\n\t\t\t\t\t<div class=\"e-con-inner\">\n\t\t\t\t<div class=\"elementor-element elementor-element-6011e8c elementor-widget elementor-widget-heading\" data-id=\"6011e8c\" data-element_type=\"widget\" data-widget_type=\"heading.default\">\n\t\t\t\t<div class=\"elementor-widget-container\">\n\t\t\t\t\t<h2 class=\"elementor-heading-title elementor-size-default\">Qu'est-ce qu'une Cuisine et un R\u00e9fectoire Modulaires ?<\/h2>\t\t\t\t<\/div>\n\t\t\t\t<\/div>\n\t\t\t\t\t<\/div>\n\t\t\t\t<\/div>\n\t\t<div class=\"elementor-element elementor-element-5ba9ca1 e-flex e-con-boxed e-con e-parent\" data-id=\"5ba9ca1\" data-element_type=\"container\">\n\t\t\t\t\t<div class=\"e-con-inner\">\n\t\t\t\t<div class=\"elementor-element elementor-element-d619117 elementor-widget elementor-widget-text-editor\" data-id=\"d619117\" data-element_type=\"widget\" data-widget_type=\"text-editor.default\">\n\t\t\t\t<div class=\"elementor-widget-container\">\n\t\t\t\t\t\t\t\t\t<p>Les <strong>vari\u00e9t\u00e9s de cuisines et r\u00e9fectoires modulaires<\/strong> sont des solutions qui permettent de r\u00e9pondre de mani\u00e8re fonctionnelle, pratique et facile aux besoins de restauration dans les zones o\u00f9 le service de repas est n\u00e9cessaire. Ces unit\u00e9s, fabriqu\u00e9es en usine avec des mat\u00e9riaux en acier galvanis\u00e9 de haute qualit\u00e9 et rendues pr\u00eates \u00e0 l&#8217;emploi par un assemblage sur site, sont des structures transportables contrairement aux cuisines et r\u00e9fectoires traditionnels. Ainsi, elles peuvent \u00eatre facilement pr\u00e9f\u00e9r\u00e9es par les utilisateurs dans diff\u00e9rents projets.<\/p><p>Ces structures, qui ne diff\u00e8rent en rien des cuisines et r\u00e9fectoires traditionnels en termes d&rsquo;utilisation, offrent des avantages significatifs en termes de pr\u00e9paration et de prise des repas. Les <strong>cuisines modulaires<\/strong> contiennent des \u00e9quipements de cuisson industriels et disposent d&rsquo;espaces o\u00f9 les pr\u00e9parateurs peuvent travailler confortablement. Les <strong>r\u00e9fectoires modulaires<\/strong>, gr\u00e2ce \u00e0 leur grande capacit\u00e9 d&rsquo;accueil, peuvent r\u00e9pondre aux besoins de restauration de grands groupes en une seule fois. \u00c0 cet \u00e9gard, ils ont une large gamme d&rsquo;applications, des chantiers de construction aux projets d&rsquo;\u00e9coles et d&rsquo;h\u00f4pitaux.<\/p>\t\t\t\t\t\t\t\t<\/div>\n\t\t\t\t<\/div>\n\t\t\t\t\t<\/div>\n\t\t\t\t<\/div>\n\t\t<div class=\"elementor-element elementor-element-6cf8621 e-flex e-con-boxed e-con e-parent\" data-id=\"6cf8621\" data-element_type=\"container\">\n\t\t\t\t\t<div class=\"e-con-inner\">\n\t\t<div class=\"elementor-element elementor-element-8474ba7 e-flex e-con-boxed elementor-invisible e-con e-child\" data-id=\"8474ba7\" data-element_type=\"container\" data-settings=\"{&quot;background_background&quot;:&quot;classic&quot;,&quot;animation&quot;:&quot;fadeInUp&quot;}\">\n\t\t\t\t\t<div class=\"e-con-inner\">\n\t\t\t\t<div class=\"elementor-element elementor-element-a1b9b11 elementor-widget elementor-widget-heading\" data-id=\"a1b9b11\" data-element_type=\"widget\" data-widget_type=\"heading.default\">\n\t\t\t\t<div class=\"elementor-widget-container\">\n\t\t\t\t\t<h2 class=\"elementor-heading-title elementor-size-default\">ABRIS D'URGENCE<\/h2>\t\t\t\t<\/div>\n\t\t\t\t<\/div>\n\t\t\t\t\t<\/div>\n\t\t\t\t<\/div>\n\t\t\t\t\t<\/div>\n\t\t\t\t<\/div>\n\t\t<div class=\"elementor-element elementor-element-79f5294 e-flex e-con-boxed elementor-invisible e-con e-parent\" data-id=\"79f5294\" data-element_type=\"container\" data-settings=\"{&quot;animation&quot;:&quot;fadeInUp&quot;}\">\n\t\t\t\t\t<div class=\"e-con-inner\">\n\t\t<div class=\"elementor-element elementor-element-a26570f e-flex e-con-boxed e-con e-child\" data-id=\"a26570f\" data-element_type=\"container\" data-settings=\"{&quot;background_background&quot;:&quot;classic&quot;}\">\n\t\t\t\t\t<div class=\"e-con-inner\">\n\t\t<div class=\"elementor-element elementor-element-09d45c6 e-con-full e-flex e-con e-child\" data-id=\"09d45c6\" data-element_type=\"container\">\n\t\t<div class=\"elementor-element elementor-element-f7ba1b8 e-flex e-con-boxed e-con e-child\" data-id=\"f7ba1b8\" data-element_type=\"container\">\n\t\t\t\t\t<div class=\"e-con-inner\">\n\t\t<div class=\"elementor-element elementor-element-0875cde e-flex e-con-boxed e-con e-child\" data-id=\"0875cde\" data-element_type=\"container\">\n\t\t\t\t\t<div class=\"e-con-inner\">\n\t\t\t\t<div class=\"elementor-element elementor-element-f804c40 elementor-widget elementor-widget-image\" data-id=\"f804c40\" data-element_type=\"widget\" data-widget_type=\"image.default\">\n\t\t\t\t<div class=\"elementor-widget-container\">\n\t\t\t\t\t\t\t\t\t\t\t\t\t\t\t<img loading=\"lazy\" decoding=\"async\" width=\"800\" height=\"450\" src=\"https:\/\/apecmodular.com\/wp-content\/uploads\/2024\/02\/moduler-7-1024x576.webp\" class=\"attachment-large size-large wp-image-9431\" alt=\"haz\u0131r konteyner tuvalet\" srcset=\"https:\/\/apecmodular.com\/wp-content\/uploads\/2024\/02\/moduler-7-1024x576.webp 1024w, https:\/\/apecmodular.com\/wp-content\/uploads\/2024\/02\/moduler-7-300x169.webp 300w, https:\/\/apecmodular.com\/wp-content\/uploads\/2024\/02\/moduler-7-768x432.webp 768w, https:\/\/apecmodular.com\/wp-content\/uploads\/2024\/02\/moduler-7.webp 1279w\" sizes=\"(max-width: 800px) 100vw, 800px\" title=\"\">\t\t\t\t\t\t\t\t\t\t\t\t\t\t\t<\/div>\n\t\t\t\t<\/div>\n\t\t\t\t<div class=\"elementor-element elementor-element-a32188a elementor-widget elementor-widget-heading\" data-id=\"a32188a\" data-element_type=\"widget\" data-widget_type=\"heading.default\">\n\t\t\t\t<div class=\"elementor-widget-container\">\n\t\t\t\t\t<h2 class=\"elementor-heading-title elementor-size-default\">KAHRAMANMARA\u015e BAYKAR DISASTER CAMP\n<\/h2>\t\t\t\t<\/div>\n\t\t\t\t<\/div>\n\t\t\t\t<div class=\"elementor-element elementor-element-5574001 elementor-widget elementor-widget-heading\" data-id=\"5574001\" data-element_type=\"widget\" data-widget_type=\"heading.default\">\n\t\t\t\t<div class=\"elementor-widget-container\">\n\t\t\t\t\t<h2 class=\"elementor-heading-title elementor-size-default\"> After the earthquake on February 6th, a total of 220 container emergency living units were installed in Kahramanmara\u015f through BAYKAR.<\/h2>\t\t\t\t<\/div>\n\t\t\t\t<\/div>\n\t\t\t\t\t<\/div>\n\t\t\t\t<\/div>\n\t\t\t\t\t<\/div>\n\t\t\t\t<\/div>\n\t\t\t\t<div class=\"elementor-element elementor-element-a7984aa elementor-widget elementor-widget-button\" data-id=\"a7984aa\" data-element_type=\"widget\" data-widget_type=\"button.default\">\n\t\t\t\t<div class=\"elementor-widget-container\">\n\t\t\t\t\t\t\t\t\t<div class=\"elementor-button-wrapper\">\n\t\t\t\t\t<a class=\"elementor-button elementor-button-link elementor-size-sm\" href=\"https:\/\/apecmodular.com\/kahramanmaras-baykar-disaster-camp\/\">\n\t\t\t\t\t\t<span class=\"elementor-button-content-wrapper\">\n\t\t\t\t\t\t\t\t\t<span class=\"elementor-button-text\">DETAIL<\/span>\n\t\t\t\t\t<\/span>\n\t\t\t\t\t<\/a>\n\t\t\t\t<\/div>\n\t\t\t\t\t\t\t\t<\/div>\n\t\t\t\t<\/div>\n\t\t\t\t<\/div>\n\t\t<div class=\"elementor-element elementor-element-c4d0f70 e-con-full e-flex e-con e-child\" data-id=\"c4d0f70\" data-element_type=\"container\">\n\t\t<div class=\"elementor-element elementor-element-b309ce4 e-flex e-con-boxed e-con e-child\" data-id=\"b309ce4\" data-element_type=\"container\">\n\t\t\t\t\t<div class=\"e-con-inner\">\n\t\t<div class=\"elementor-element elementor-element-7fd0859 e-flex e-con-boxed e-con e-child\" data-id=\"7fd0859\" data-element_type=\"container\">\n\t\t\t\t\t<div class=\"e-con-inner\">\n\t\t\t\t<div class=\"elementor-element elementor-element-63e0a7a elementor-widget elementor-widget-image\" data-id=\"63e0a7a\" data-element_type=\"widget\" data-widget_type=\"image.default\">\n\t\t\t\t<div class=\"elementor-widget-container\">\n\t\t\t\t\t\t\t\t\t\t\t\t\t\t\t<img loading=\"lazy\" decoding=\"async\" width=\"800\" height=\"450\" src=\"https:\/\/apecmodular.com\/wp-content\/uploads\/2024\/01\/modulerlorem-1024x576.webp\" class=\"attachment-large size-large wp-image-5776\" alt=\"konteyner wc du\u015f\" srcset=\"https:\/\/apecmodular.com\/wp-content\/uploads\/2024\/01\/modulerlorem-1024x576.webp 1024w, https:\/\/apecmodular.com\/wp-content\/uploads\/2024\/01\/modulerlorem-300x169.webp 300w, https:\/\/apecmodular.com\/wp-content\/uploads\/2024\/01\/modulerlorem-768x432.webp 768w, https:\/\/apecmodular.com\/wp-content\/uploads\/2024\/01\/modulerlorem.webp 1280w\" sizes=\"(max-width: 800px) 100vw, 800px\" title=\"\">\t\t\t\t\t\t\t\t\t\t\t\t\t\t\t<\/div>\n\t\t\t\t<\/div>\n\t\t\t\t<div class=\"elementor-element elementor-element-66b9138 elementor-widget elementor-widget-heading\" data-id=\"66b9138\" data-element_type=\"widget\" data-widget_type=\"heading.default\">\n\t\t\t\t<div class=\"elementor-widget-container\">\n\t\t\t\t\t<h2 class=\"elementor-heading-title elementor-size-default\">HATAY DISASTER CAMP, TURKEY\n<\/h2>\t\t\t\t<\/div>\n\t\t\t\t<\/div>\n\t\t\t\t<div class=\"elementor-element elementor-element-88afaf1 elementor-widget elementor-widget-heading\" data-id=\"88afaf1\" data-element_type=\"widget\" data-widget_type=\"heading.default\">\n\t\t\t\t<div class=\"elementor-widget-container\">\n\t\t\t\t\t<h2 class=\"elementor-heading-title elementor-size-default\">Following the earthquake on February 6th, a total of 850 container emergency living units were installed in various regions of Hatay through various aid organizations, chambers of commerce, and representatives of the private sector.<\/h2>\t\t\t\t<\/div>\n\t\t\t\t<\/div>\n\t\t\t\t\t<\/div>\n\t\t\t\t<\/div>\n\t\t\t\t<div class=\"elementor-element elementor-element-67e61b1 elementor-widget elementor-widget-button\" data-id=\"67e61b1\" data-element_type=\"widget\" data-widget_type=\"button.default\">\n\t\t\t\t<div class=\"elementor-widget-container\">\n\t\t\t\t\t\t\t\t\t<div class=\"elementor-button-wrapper\">\n\t\t\t\t\t<a class=\"elementor-button elementor-button-link elementor-size-sm\" href=\"https:\/\/apecmodular.com\/hatay-disaster-camp\/\">\n\t\t\t\t\t\t<span class=\"elementor-button-content-wrapper\">\n\t\t\t\t\t\t\t\t\t<span class=\"elementor-button-text\">DETAIL<\/span>\n\t\t\t\t\t<\/span>\n\t\t\t\t\t<\/a>\n\t\t\t\t<\/div>\n\t\t\t\t\t\t\t\t<\/div>\n\t\t\t\t<\/div>\n\t\t\t\t\t<\/div>\n\t\t\t\t<\/div>\n\t\t\t\t<\/div>\n\t\t<div class=\"elementor-element elementor-element-1670c2a e-con-full e-flex e-con e-child\" data-id=\"1670c2a\" data-element_type=\"container\">\n\t\t<div class=\"elementor-element elementor-element-4c8ddd7 e-flex e-con-boxed e-con e-child\" data-id=\"4c8ddd7\" data-element_type=\"container\">\n\t\t\t\t\t<div class=\"e-con-inner\">\n\t\t<div class=\"elementor-element elementor-element-9e3e580 e-flex e-con-boxed e-con e-child\" data-id=\"9e3e580\" data-element_type=\"container\">\n\t\t\t\t\t<div class=\"e-con-inner\">\n\t\t\t\t<div class=\"elementor-element elementor-element-d022b1f elementor-widget elementor-widget-image\" data-id=\"d022b1f\" data-element_type=\"widget\" data-widget_type=\"image.default\">\n\t\t\t\t<div class=\"elementor-widget-container\">\n\t\t\t\t\t\t\t\t\t\t\t\t\t\t\t<img loading=\"lazy\" decoding=\"async\" width=\"800\" height=\"482\" src=\"https:\/\/apecmodular.com\/wp-content\/uploads\/2024\/02\/moduler-9-1024x617.webp\" class=\"attachment-large size-large wp-image-9441\" alt=\"\" srcset=\"https:\/\/apecmodular.com\/wp-content\/uploads\/2024\/02\/moduler-9-1024x617.webp 1024w, https:\/\/apecmodular.com\/wp-content\/uploads\/2024\/02\/moduler-9-300x181.webp 300w, https:\/\/apecmodular.com\/wp-content\/uploads\/2024\/02\/moduler-9-768x463.webp 768w, https:\/\/apecmodular.com\/wp-content\/uploads\/2024\/02\/moduler-9.webp 1194w\" sizes=\"(max-width: 800px) 100vw, 800px\" title=\"\">\t\t\t\t\t\t\t\t\t\t\t\t\t\t\t<\/div>\n\t\t\t\t<\/div>\n\t\t\t\t<div class=\"elementor-element elementor-element-9b6faeb elementor-widget elementor-widget-heading\" data-id=\"9b6faeb\" data-element_type=\"widget\" data-widget_type=\"heading.default\">\n\t\t\t\t<div class=\"elementor-widget-container\">\n\t\t\t\t\t<h2 class=\"elementor-heading-title elementor-size-default\">PORTO RICO - EMERGENCY LIVING UNITS\n<\/h2>\t\t\t\t<\/div>\n\t\t\t\t<\/div>\n\t\t\t\t<div class=\"elementor-element elementor-element-940ccbb elementor-widget elementor-widget-heading\" data-id=\"940ccbb\" data-element_type=\"widget\" data-widget_type=\"heading.default\">\n\t\t\t\t<div class=\"elementor-widget-container\">\n\t\t\t\t\t<h2 class=\"elementor-heading-title elementor-size-default\">APEC Smart Steel Building Systems were preferred to supply the necessary living units for refugees to be resettled in Porto Rico.<\/h2>\t\t\t\t<\/div>\n\t\t\t\t<\/div>\n\t\t\t\t\t<\/div>\n\t\t\t\t<\/div>\n\t\t\t\t\t<\/div>\n\t\t\t\t<\/div>\n\t\t\t\t<div class=\"elementor-element elementor-element-306b907 elementor-widget elementor-widget-button\" data-id=\"306b907\" data-element_type=\"widget\" data-widget_type=\"button.default\">\n\t\t\t\t<div class=\"elementor-widget-container\">\n\t\t\t\t\t\t\t\t\t<div class=\"elementor-button-wrapper\">\n\t\t\t\t\t<a class=\"elementor-button elementor-button-link elementor-size-sm\" href=\"https:\/\/apecmodular.com\/porto-rico-emergency-living-units\">\n\t\t\t\t\t\t<span class=\"elementor-button-content-wrapper\">\n\t\t\t\t\t\t\t\t\t<span class=\"elementor-button-text\">DETAIL<\/span>\n\t\t\t\t\t<\/span>\n\t\t\t\t\t<\/a>\n\t\t\t\t<\/div>\n\t\t\t\t\t\t\t\t<\/div>\n\t\t\t\t<\/div>\n\t\t\t\t<\/div>\n\t\t\t\t\t<\/div>\n\t\t\t\t<\/div>\n\t\t\t\t\t<\/div>\n\t\t\t\t<\/div>\n\t\t<div class=\"elementor-element elementor-element-ebb91d7 e-flex e-con-boxed e-con e-parent\" data-id=\"ebb91d7\" data-element_type=\"container\">\n\t\t\t\t\t<div class=\"e-con-inner\">\n\t\t\t\t<div class=\"elementor-element elementor-element-3e5da20 elementor-widget-divider--view-line elementor-widget elementor-widget-divider\" data-id=\"3e5da20\" data-element_type=\"widget\" data-widget_type=\"divider.default\">\n\t\t\t\t<div class=\"elementor-widget-container\">\n\t\t\t\t\t\t\t<div class=\"elementor-divider\">\n\t\t\t<span class=\"elementor-divider-separator\">\n\t\t\t\t\t\t<\/span>\n\t\t<\/div>\n\t\t\t\t\t\t<\/div>\n\t\t\t\t<\/div>\n\t\t\t\t\t<\/div>\n\t\t\t\t<\/div>\n\t\t<div class=\"elementor-element elementor-element-fdbef10 e-flex e-con-boxed elementor-invisible e-con e-parent\" data-id=\"fdbef10\" data-element_type=\"container\" data-settings=\"{&quot;animation&quot;:&quot;fadeInUp&quot;}\">\n\t\t\t\t\t<div class=\"e-con-inner\">\n\t\t<div class=\"elementor-element elementor-element-001caa1 e-flex e-con-boxed e-con e-child\" data-id=\"001caa1\" data-element_type=\"container\" data-settings=\"{&quot;background_background&quot;:&quot;classic&quot;}\">\n\t\t\t\t\t<div class=\"e-con-inner\">\n\t\t\t\t<div class=\"elementor-element elementor-element-364f659 elementor-widget elementor-widget-heading\" data-id=\"364f659\" data-element_type=\"widget\" data-widget_type=\"heading.default\">\n\t\t\t\t<div class=\"elementor-widget-container\">\n\t\t\t\t\t<h2 class=\"elementor-heading-title elementor-size-default\">CAMPS DE R\u00c9FUGI\u00c9S<\/h2>\t\t\t\t<\/div>\n\t\t\t\t<\/div>\n\t\t\t\t\t<\/div>\n\t\t\t\t<\/div>\n\t\t\t\t\t<\/div>\n\t\t\t\t<\/div>\n\t\t<div class=\"elementor-element elementor-element-5f63f0b e-flex e-con-boxed elementor-invisible e-con e-parent\" data-id=\"5f63f0b\" data-element_type=\"container\" data-settings=\"{&quot;animation&quot;:&quot;fadeInUp&quot;}\">\n\t\t\t\t\t<div class=\"e-con-inner\">\n\t\t<div class=\"elementor-element elementor-element-90b0c2a e-flex e-con-boxed e-con e-child\" data-id=\"90b0c2a\" data-element_type=\"container\" data-settings=\"{&quot;background_background&quot;:&quot;classic&quot;}\">\n\t\t\t\t\t<div class=\"e-con-inner\">\n\t\t<div class=\"elementor-element elementor-element-f91eac6 e-con-full e-flex e-con e-child\" data-id=\"f91eac6\" data-element_type=\"container\">\n\t\t<div class=\"elementor-element elementor-element-065710d e-flex e-con-boxed e-con e-child\" data-id=\"065710d\" data-element_type=\"container\">\n\t\t\t\t\t<div class=\"e-con-inner\">\n\t\t<div class=\"elementor-element elementor-element-3520900 e-flex e-con-boxed e-con e-child\" data-id=\"3520900\" data-element_type=\"container\">\n\t\t\t\t\t<div class=\"e-con-inner\">\n\t\t\t\t<div class=\"elementor-element elementor-element-10b11ef elementor-widget elementor-widget-image\" data-id=\"10b11ef\" data-element_type=\"widget\" data-widget_type=\"image.default\">\n\t\t\t\t<div class=\"elementor-widget-container\">\n\t\t\t\t\t\t\t\t\t\t\t\t\t\t\t<img loading=\"lazy\" decoding=\"async\" width=\"800\" height=\"480\" src=\"https:\/\/apecmodular.com\/wp-content\/uploads\/2024\/02\/moduler-10-1024x614.webp\" class=\"attachment-large size-large wp-image-9446\" alt=\"Modular Refugee Housing Units\" srcset=\"https:\/\/apecmodular.com\/wp-content\/uploads\/2024\/02\/moduler-10-1024x614.webp 1024w, https:\/\/apecmodular.com\/wp-content\/uploads\/2024\/02\/moduler-10-300x180.webp 300w, https:\/\/apecmodular.com\/wp-content\/uploads\/2024\/02\/moduler-10-768x461.webp 768w, https:\/\/apecmodular.com\/wp-content\/uploads\/2024\/02\/moduler-10.webp 1200w\" sizes=\"(max-width: 800px) 100vw, 800px\" title=\"\">\t\t\t\t\t\t\t\t\t\t\t\t\t\t\t<\/div>\n\t\t\t\t<\/div>\n\t\t\t\t<div class=\"elementor-element elementor-element-1d020be elementor-widget elementor-widget-heading\" data-id=\"1d020be\" data-element_type=\"widget\" data-widget_type=\"heading.default\">\n\t\t\t\t<div class=\"elementor-widget-container\">\n\t\t\t\t\t<h2 class=\"elementor-heading-title elementor-size-default\">HAMBURG REFUGEE CAMP, GERMANY\n<\/h2>\t\t\t\t<\/div>\n\t\t\t\t<\/div>\n\t\t\t\t<div class=\"elementor-element elementor-element-58112aa elementor-widget elementor-widget-heading\" data-id=\"58112aa\" data-element_type=\"widget\" data-widget_type=\"heading.default\">\n\t\t\t\t<div class=\"elementor-widget-container\">\n\t\t\t\t\t<h2 class=\"elementor-heading-title elementor-size-default\">A total of 1,100 living units were built for refugees to be resettled in Hamburg, Germany. The project, including dormitories, toilets, showers, and dining areas, was completed and put into use within 60 days according to Eurocode and German DIN standards.\n<\/h2>\t\t\t\t<\/div>\n\t\t\t\t<\/div>\n\t\t\t\t\t<\/div>\n\t\t\t\t<\/div>\n\t\t\t\t<div class=\"elementor-element elementor-element-d7cf252 elementor-widget elementor-widget-button\" data-id=\"d7cf252\" data-element_type=\"widget\" data-widget_type=\"button.default\">\n\t\t\t\t<div class=\"elementor-widget-container\">\n\t\t\t\t\t\t\t\t\t<div class=\"elementor-button-wrapper\">\n\t\t\t\t\t<a class=\"elementor-button elementor-button-link elementor-size-sm\" href=\"https:\/\/apecmodular.com\/hamburg-refugee-camp-germany\/\">\n\t\t\t\t\t\t<span class=\"elementor-button-content-wrapper\">\n\t\t\t\t\t\t\t\t\t<span class=\"elementor-button-text\">DETAIL<\/span>\n\t\t\t\t\t<\/span>\n\t\t\t\t\t<\/a>\n\t\t\t\t<\/div>\n\t\t\t\t\t\t\t\t<\/div>\n\t\t\t\t<\/div>\n\t\t\t\t\t<\/div>\n\t\t\t\t<\/div>\n\t\t\t\t<\/div>\n\t\t<div class=\"elementor-element elementor-element-1f51691 e-con-full e-flex e-con e-child\" data-id=\"1f51691\" data-element_type=\"container\">\n\t\t<div class=\"elementor-element elementor-element-abcc910 e-flex e-con-boxed e-con e-child\" data-id=\"abcc910\" data-element_type=\"container\">\n\t\t\t\t\t<div class=\"e-con-inner\">\n\t\t\t\t<div class=\"elementor-element elementor-element-6249a11 elementor-widget elementor-widget-image\" data-id=\"6249a11\" data-element_type=\"widget\" data-widget_type=\"image.default\">\n\t\t\t\t<div class=\"elementor-widget-container\">\n\t\t\t\t\t\t\t\t\t\t\t\t\t\t\t<img loading=\"lazy\" decoding=\"async\" width=\"1178\" height=\"720\" src=\"https:\/\/apecmodular.com\/wp-content\/uploads\/2024\/02\/moduler-11.webp\" class=\"attachment-full size-full wp-image-9451\" alt=\"Modular Refugee Housing Units\" srcset=\"https:\/\/apecmodular.com\/wp-content\/uploads\/2024\/02\/moduler-11.webp 1178w, https:\/\/apecmodular.com\/wp-content\/uploads\/2024\/02\/moduler-11-300x183.webp 300w, https:\/\/apecmodular.com\/wp-content\/uploads\/2024\/02\/moduler-11-1024x626.webp 1024w, https:\/\/apecmodular.com\/wp-content\/uploads\/2024\/02\/moduler-11-768x469.webp 768w\" sizes=\"(max-width: 1178px) 100vw, 1178px\" title=\"\">\t\t\t\t\t\t\t\t\t\t\t\t\t\t\t<\/div>\n\t\t\t\t<\/div>\n\t\t\t\t<div class=\"elementor-element elementor-element-e65a513 elementor-widget elementor-widget-heading\" data-id=\"e65a513\" data-element_type=\"widget\" data-widget_type=\"heading.default\">\n\t\t\t\t<div class=\"elementor-widget-container\">\n\t\t\t\t\t<h2 class=\"elementor-heading-title elementor-size-default\">WALLDORF REFUGEE CAMP, GERMANY\n<\/h2>\t\t\t\t<\/div>\n\t\t\t\t<\/div>\n\t\t\t\t<div class=\"elementor-element elementor-element-f89c94f elementor-widget elementor-widget-heading\" data-id=\"f89c94f\" data-element_type=\"widget\" data-widget_type=\"heading.default\">\n\t\t\t\t<div class=\"elementor-widget-container\">\n\t\t\t\t\t<h2 class=\"elementor-heading-title elementor-size-default\">A total of 121 living units were built for refugees to be resettled in Walldorf, Germany. The project, including dormitories, toilets, showers, and dining areas, was completed and put into use within 30 days according to Eurocode and German DIN standards.\n<\/h2>\t\t\t\t<\/div>\n\t\t\t\t<\/div>\n\t\t\t\t\t<\/div>\n\t\t\t\t<\/div>\n\t\t\t\t<div class=\"elementor-element elementor-element-e6b67df elementor-widget elementor-widget-button\" data-id=\"e6b67df\" data-element_type=\"widget\" data-widget_type=\"button.default\">\n\t\t\t\t<div class=\"elementor-widget-container\">\n\t\t\t\t\t\t\t\t\t<div class=\"elementor-button-wrapper\">\n\t\t\t\t\t<a class=\"elementor-button elementor-button-link elementor-size-sm\" href=\"https:\/\/apecmodular.com\/walldorf-refugee-camp-germany\/\">\n\t\t\t\t\t\t<span class=\"elementor-button-content-wrapper\">\n\t\t\t\t\t\t\t\t\t<span class=\"elementor-button-text\">DETAIL<\/span>\n\t\t\t\t\t<\/span>\n\t\t\t\t\t<\/a>\n\t\t\t\t<\/div>\n\t\t\t\t\t\t\t\t<\/div>\n\t\t\t\t<\/div>\n\t\t\t\t<\/div>\n\t\t<div class=\"elementor-element elementor-element-b851611 e-con-full e-flex e-con e-child\" data-id=\"b851611\" data-element_type=\"container\">\n\t\t<div class=\"elementor-element elementor-element-8a41a73 e-flex e-con-boxed e-con e-child\" data-id=\"8a41a73\" data-element_type=\"container\">\n\t\t\t\t\t<div class=\"e-con-inner\">\n\t\t\t\t<div class=\"elementor-element elementor-element-dc7a685 elementor-widget elementor-widget-image\" data-id=\"dc7a685\" data-element_type=\"widget\" data-widget_type=\"image.default\">\n\t\t\t\t<div class=\"elementor-widget-container\">\n\t\t\t\t\t\t\t\t\t\t\t\t\t\t\t<img loading=\"lazy\" decoding=\"async\" width=\"800\" height=\"477\" src=\"https:\/\/apecmodular.com\/wp-content\/uploads\/2024\/02\/moduler-12-1024x610.webp\" class=\"attachment-large size-large wp-image-9456\" alt=\"konteyner tuvalet\" srcset=\"https:\/\/apecmodular.com\/wp-content\/uploads\/2024\/02\/moduler-12-1024x610.webp 1024w, https:\/\/apecmodular.com\/wp-content\/uploads\/2024\/02\/moduler-12-300x179.webp 300w, https:\/\/apecmodular.com\/wp-content\/uploads\/2024\/02\/moduler-12-768x458.webp 768w, https:\/\/apecmodular.com\/wp-content\/uploads\/2024\/02\/moduler-12.webp 1208w\" sizes=\"(max-width: 800px) 100vw, 800px\" title=\"\">\t\t\t\t\t\t\t\t\t\t\t\t\t\t\t<\/div>\n\t\t\t\t<\/div>\n\t\t\t\t<div class=\"elementor-element elementor-element-810e15c elementor-widget elementor-widget-heading\" data-id=\"810e15c\" data-element_type=\"widget\" data-widget_type=\"heading.default\">\n\t\t\t\t<div class=\"elementor-widget-container\">\n\t\t\t\t\t<h2 class=\"elementor-heading-title elementor-size-default\">HOLLAND CAMP\n<\/h2>\t\t\t\t<\/div>\n\t\t\t\t<\/div>\n\t\t\t\t<div class=\"elementor-element elementor-element-adb955e elementor-widget elementor-widget-heading\" data-id=\"adb955e\" data-element_type=\"widget\" data-widget_type=\"heading.default\">\n\t\t\t\t<div class=\"elementor-widget-container\">\n\t\t\t\t\t<h2 class=\"elementor-heading-title elementor-size-default\">A total of 128 living units were built for refugees to be resettled in Holland. The project, including dormitories, toilets, showers, and dining areas, was completed and put into use within 30 days according to Eurocode and DIN standards.\n<\/h2>\t\t\t\t<\/div>\n\t\t\t\t<\/div>\n\t\t\t\t\t<\/div>\n\t\t\t\t<\/div>\n\t\t\t\t<div class=\"elementor-element elementor-element-1848826 elementor-widget elementor-widget-button\" data-id=\"1848826\" data-element_type=\"widget\" data-widget_type=\"button.default\">\n\t\t\t\t<div class=\"elementor-widget-container\">\n\t\t\t\t\t\t\t\t\t<div class=\"elementor-button-wrapper\">\n\t\t\t\t\t<a class=\"elementor-button elementor-button-link elementor-size-sm\" href=\"https:\/\/apecmodular.com\/modular-sanitary-modules-for-holland-camp\/\">\n\t\t\t\t\t\t<span class=\"elementor-button-content-wrapper\">\n\t\t\t\t\t\t\t\t\t<span class=\"elementor-button-text\">DETAIL<\/span>\n\t\t\t\t\t<\/span>\n\t\t\t\t\t<\/a>\n\t\t\t\t<\/div>\n\t\t\t\t\t\t\t\t<\/div>\n\t\t\t\t<\/div>\n\t\t\t\t<\/div>\n\t\t\t\t\t<\/div>\n\t\t\t\t<\/div>\n\t\t\t\t\t<\/div>\n\t\t\t\t<\/div>\n\t\t<div class=\"elementor-element elementor-element-3ed1b54 e-flex e-con-boxed e-con e-parent\" data-id=\"3ed1b54\" data-element_type=\"container\">\n\t\t\t\t\t<div class=\"e-con-inner\">\n\t\t\t\t<div class=\"elementor-element elementor-element-e9d6203 elementor-widget-divider--view-line elementor-widget elementor-widget-divider\" data-id=\"e9d6203\" data-element_type=\"widget\" data-widget_type=\"divider.default\">\n\t\t\t\t<div class=\"elementor-widget-container\">\n\t\t\t\t\t\t\t<div class=\"elementor-divider\">\n\t\t\t<span class=\"elementor-divider-separator\">\n\t\t\t\t\t\t<\/span>\n\t\t<\/div>\n\t\t\t\t\t\t<\/div>\n\t\t\t\t<\/div>\n\t\t\t\t\t<\/div>\n\t\t\t\t<\/div>\n\t\t<div class=\"elementor-element elementor-element-6864b5c e-flex e-con-boxed e-con e-parent\" data-id=\"6864b5c\" data-element_type=\"container\">\n\t\t\t\t\t<div class=\"e-con-inner\">\n\t\t\t\t<div class=\"elementor-element elementor-element-eb15dc7 elementor-widget elementor-widget-heading\" data-id=\"eb15dc7\" data-element_type=\"widget\" data-widget_type=\"heading.default\">\n\t\t\t\t<div class=\"elementor-widget-container\">\n\t\t\t\t\t<h2 class=\"elementor-heading-title elementor-size-default\">Pourquoi Choisir une Cuisine et un R\u00e9fectoire Modulaires ?<\/h2>\t\t\t\t<\/div>\n\t\t\t\t<\/div>\n\t\t\t\t\t<\/div>\n\t\t\t\t<\/div>\n\t\t<div class=\"elementor-element elementor-element-47c8817 e-flex e-con-boxed e-con e-parent\" data-id=\"47c8817\" data-element_type=\"container\">\n\t\t\t\t\t<div class=\"e-con-inner\">\n\t\t\t\t<div class=\"elementor-element elementor-element-39325c4 elementor-widget elementor-widget-text-editor\" data-id=\"39325c4\" data-element_type=\"widget\" data-widget_type=\"text-editor.default\">\n\t\t\t\t<div class=\"elementor-widget-container\">\n\t\t\t\t\t\t\t\t\t<p>Les <strong>avantages des cuisines et r\u00e9fectoires modulaires<\/strong> comprennent des caract\u00e9ristiques importantes. Leur \u00e9tablissement \u00e0 des co\u00fbts beaucoup plus abordables par rapport aux structures traditionnelles permet des \u00e9conomies significatives. De plus, l&rsquo;assemblage sur site des unit\u00e9s produites en usine est r\u00e9alis\u00e9 rapidement. Cela permet des \u00e9conomies de temps consid\u00e9rables par rapport \u00e0 la construction de b\u00e2timents traditionnels. Simultan\u00e9ment, les cuisines et r\u00e9fectoires modulaires contribuent \u00e0 r\u00e9duire les co\u00fbts totaux des projets. Leur r\u00e9utilisabilit\u00e9 cr\u00e9e \u00e9galement un avantage pour une utilisation sans probl\u00e8me dans les situations ult\u00e9rieures n\u00e9cessaires.<\/p><p>De m\u00eame, gr\u00e2ce \u00e0 leur structure portable, ils peuvent \u00eatre facilement d\u00e9plac\u00e9s vers un autre endroit apr\u00e8s que le besoin n&rsquo;existe plus, comme dans les projets de construction, les camps militaires ou les situations de catastrophe. Ils offrent des avantages significatifs en termes de temps et de co\u00fbt, en particulier dans les projets temporaires, gr\u00e2ce \u00e0 leur flexibilit\u00e9.<\/p><p>Ces types de cuisines et r\u00e9fectoires peuvent avoir toutes les caract\u00e9ristiques n\u00e9cessaires dans les structures de b\u00e2timents traditionnels. Les zones de pr\u00e9paration des aliments contiennent des d\u00e9tails hygi\u00e9niques et fonctionnels. Les employ\u00e9s peuvent utiliser tous les outils n\u00e9cessaires \u00e0 la pr\u00e9paration des aliments dans cette zone. De m\u00eame, les besoins en services publics tels que l&rsquo;\u00e9lectricit\u00e9 et l&rsquo;eau peuvent \u00e9galement \u00eatre install\u00e9s dans ces structures. La section r\u00e9fectoire peut avoir l&rsquo;espace n\u00e9cessaire et les d\u00e9tails de conception pour r\u00e9pondre aux besoins de grands groupes en une seule fois. De plus, comme elle offre des possibilit\u00e9s de conception personnalisable, la personnalisation peut \u00eatre facilement effectu\u00e9e dans les cuisines et r\u00e9fectoires modulaires selon la capacit\u00e9 et les besoins des utilisateurs. Les zones de cuisson, de stockage et de restauration peuvent \u00eatre planifi\u00e9es de mani\u00e8re appropri\u00e9e selon les exigences fonctionnelles.<\/p><p>Comme les d\u00e9tails d&rsquo;hygi\u00e8ne sont \u00e9galement importants dans les cuisines et r\u00e9fectoires, les structures modulaires peuvent r\u00e9pondre correctement aux attentes en mati\u00e8re d&rsquo;hygi\u00e8ne en termes de mat\u00e9riaux utilis\u00e9s dans leur production. En plus d&rsquo;\u00eatre r\u00e9sistantes aux diff\u00e9rentes conditions m\u00e9t\u00e9orologiques, elles sont efficaces pour maintenir les aliments et les mat\u00e9riaux alimentaires de mani\u00e8re saine gr\u00e2ce \u00e0 leur r\u00e9sistance contre des facteurs tels que l&rsquo;humidit\u00e9. De plus, comme elles sont con\u00e7ues conform\u00e9ment aux normes de s\u00e9curit\u00e9 internationales, elles peuvent r\u00e9pondre aux exigences de s\u00e9curit\u00e9 des utilisateurs.<\/p>\t\t\t\t\t\t\t\t<\/div>\n\t\t\t\t<\/div>\n\t\t\t\t\t<\/div>\n\t\t\t\t<\/div>\n\t\t<div class=\"elementor-element elementor-element-1e945db e-grid e-con-boxed e-con e-parent\" data-id=\"1e945db\" data-element_type=\"container\">\n\t\t\t\t\t<div class=\"e-con-inner\">\n\t\t\t\t<div class=\"elementor-element elementor-element-ad8f697 elementor-widget elementor-widget-image\" data-id=\"ad8f697\" data-element_type=\"widget\" data-widget_type=\"image.default\">\n\t\t\t\t<div class=\"elementor-widget-container\">\n\t\t\t\t\t\t\t\t\t\t\t\t\t\t\t<img loading=\"lazy\" decoding=\"async\" width=\"800\" height=\"437\" src=\"https:\/\/apecmodular.com\/wp-content\/uploads\/2025\/02\/modular-kitchens-dining-halls-19-1-1024x559.webp\" class=\"attachment-large size-large wp-image-20310\" alt=\"\" srcset=\"https:\/\/apecmodular.com\/wp-content\/uploads\/2025\/02\/modular-kitchens-dining-halls-19-1-1024x559.webp 1024w, https:\/\/apecmodular.com\/wp-content\/uploads\/2025\/02\/modular-kitchens-dining-halls-19-1-300x164.webp 300w, https:\/\/apecmodular.com\/wp-content\/uploads\/2025\/02\/modular-kitchens-dining-halls-19-1-768x419.webp 768w, https:\/\/apecmodular.com\/wp-content\/uploads\/2025\/02\/modular-kitchens-dining-halls-19-1.webp 1408w\" sizes=\"(max-width: 800px) 100vw, 800px\" title=\"\">\t\t\t\t\t\t\t\t\t\t\t\t\t\t\t<\/div>\n\t\t\t\t<\/div>\n\t\t\t\t<div class=\"elementor-element elementor-element-541feac elementor-widget elementor-widget-image\" data-id=\"541feac\" data-element_type=\"widget\" data-widget_type=\"image.default\">\n\t\t\t\t<div class=\"elementor-widget-container\">\n\t\t\t\t\t\t\t\t\t\t\t\t\t\t\t<img loading=\"lazy\" decoding=\"async\" width=\"800\" height=\"437\" src=\"https:\/\/apecmodular.com\/wp-content\/uploads\/2025\/02\/modular-kitchens-dining-halls-18-1-1024x559.webp\" class=\"attachment-large size-large wp-image-20315\" alt=\"\" srcset=\"https:\/\/apecmodular.com\/wp-content\/uploads\/2025\/02\/modular-kitchens-dining-halls-18-1-1024x559.webp 1024w, https:\/\/apecmodular.com\/wp-content\/uploads\/2025\/02\/modular-kitchens-dining-halls-18-1-300x164.webp 300w, https:\/\/apecmodular.com\/wp-content\/uploads\/2025\/02\/modular-kitchens-dining-halls-18-1-768x419.webp 768w, https:\/\/apecmodular.com\/wp-content\/uploads\/2025\/02\/modular-kitchens-dining-halls-18-1.webp 1408w\" sizes=\"(max-width: 800px) 100vw, 800px\" title=\"\">\t\t\t\t\t\t\t\t\t\t\t\t\t\t\t<\/div>\n\t\t\t\t<\/div>\n\t\t\t\t<div class=\"elementor-element elementor-element-40fdc48 elementor-widget elementor-widget-image\" data-id=\"40fdc48\" data-element_type=\"widget\" data-widget_type=\"image.default\">\n\t\t\t\t<div class=\"elementor-widget-container\">\n\t\t\t\t\t\t\t\t\t\t\t\t\t\t\t<img loading=\"lazy\" decoding=\"async\" width=\"800\" height=\"437\" src=\"https:\/\/apecmodular.com\/wp-content\/uploads\/2025\/02\/modular-kitchens-dining-halls-17-1-1024x559.webp\" class=\"attachment-large size-large wp-image-20320\" alt=\"\" srcset=\"https:\/\/apecmodular.com\/wp-content\/uploads\/2025\/02\/modular-kitchens-dining-halls-17-1-1024x559.webp 1024w, https:\/\/apecmodular.com\/wp-content\/uploads\/2025\/02\/modular-kitchens-dining-halls-17-1-300x164.webp 300w, https:\/\/apecmodular.com\/wp-content\/uploads\/2025\/02\/modular-kitchens-dining-halls-17-1-768x419.webp 768w, https:\/\/apecmodular.com\/wp-content\/uploads\/2025\/02\/modular-kitchens-dining-halls-17-1.webp 1408w\" sizes=\"(max-width: 800px) 100vw, 800px\" title=\"\">\t\t\t\t\t\t\t\t\t\t\t\t\t\t\t<\/div>\n\t\t\t\t<\/div>\n\t\t\t\t<div class=\"elementor-element elementor-element-8248352 elementor-widget elementor-widget-image\" data-id=\"8248352\" data-element_type=\"widget\" data-widget_type=\"image.default\">\n\t\t\t\t<div class=\"elementor-widget-container\">\n\t\t\t\t\t\t\t\t\t\t\t\t\t\t\t<img loading=\"lazy\" decoding=\"async\" width=\"800\" height=\"437\" src=\"https:\/\/apecmodular.com\/wp-content\/uploads\/2025\/02\/modular-kitchens-dining-halls-16-1-1024x559.webp\" class=\"attachment-large size-large wp-image-20325\" alt=\"\" srcset=\"https:\/\/apecmodular.com\/wp-content\/uploads\/2025\/02\/modular-kitchens-dining-halls-16-1-1024x559.webp 1024w, https:\/\/apecmodular.com\/wp-content\/uploads\/2025\/02\/modular-kitchens-dining-halls-16-1-300x164.webp 300w, https:\/\/apecmodular.com\/wp-content\/uploads\/2025\/02\/modular-kitchens-dining-halls-16-1-768x419.webp 768w, https:\/\/apecmodular.com\/wp-content\/uploads\/2025\/02\/modular-kitchens-dining-halls-16-1.webp 1408w\" sizes=\"(max-width: 800px) 100vw, 800px\" title=\"\">\t\t\t\t\t\t\t\t\t\t\t\t\t\t\t<\/div>\n\t\t\t\t<\/div>\n\t\t\t\t\t<\/div>\n\t\t\t\t<\/div>\n\t\t<div class=\"elementor-element elementor-element-da5a614 e-flex e-con-boxed e-con e-parent\" data-id=\"da5a614\" data-element_type=\"container\">\n\t\t\t\t\t<div class=\"e-con-inner\">\n\t\t\t\t<div class=\"elementor-element elementor-element-d3ea670 elementor-widget elementor-widget-heading\" data-id=\"d3ea670\" data-element_type=\"widget\" data-widget_type=\"heading.default\">\n\t\t\t\t<div class=\"elementor-widget-container\">\n\t\t\t\t\t<h2 class=\"elementor-heading-title elementor-size-default\">O\u00f9 Sont Utilis\u00e9s les Cuisines et R\u00e9fectoires Modulaires ?<\/h2>\t\t\t\t<\/div>\n\t\t\t\t<\/div>\n\t\t\t\t\t<\/div>\n\t\t\t\t<\/div>\n\t\t<div class=\"elementor-element elementor-element-dc0dcf0 e-flex e-con-boxed e-con e-parent\" data-id=\"dc0dcf0\" data-element_type=\"container\">\n\t\t\t\t\t<div class=\"e-con-inner\">\n\t\t\t\t<div class=\"elementor-element elementor-element-035a1f1 elementor-widget elementor-widget-text-editor\" data-id=\"035a1f1\" data-element_type=\"widget\" data-widget_type=\"text-editor.default\">\n\t\t\t\t<div class=\"elementor-widget-container\">\n\t\t\t\t\t\t\t\t\t<p>Les <strong>domaines d&rsquo;application des cuisines et r\u00e9fectoires modulaires<\/strong> sont tr\u00e8s \u00e9tendus. Ils offrent principalement des solutions rapides et \u00e9conomiques pour r\u00e9pondre aux besoins de restauration des travailleurs sur les chantiers de construction. En particulier dans ces zones o\u00f9 le nombre de travailleurs est \u00e9lev\u00e9, les r\u00e9fectoires modulaires peuvent facilement r\u00e9pondre aux besoins de restauration de grands groupes en une seule fois gr\u00e2ce \u00e0 leurs grandes capacit\u00e9s.<\/p><p>De plus, ils permettent de r\u00e9pondre aux besoins de restauration des \u00e9tablissements d&rsquo;enseignement. Dans des zones comme les campus universitaires, ils peuvent \u00eatre utilis\u00e9s comme r\u00e9fectoires temporaires ou permanents comme b\u00e2timents principaux ou suppl\u00e9mentaires, en particulier parall\u00e8lement \u00e0 l&rsquo;augmentation du nombre d&rsquo;\u00e9tudiants.<\/p><p>De m\u00eame, dans les zones touch\u00e9es par des catastrophes, ils r\u00e9pondent avec succ\u00e8s aux besoins structurels pertinents pour la distribution de repas aux r\u00e9sidents, la cuisson des aliments et la consommation de repas chauds.<\/p><p>Gr\u00e2ce \u00e0 leurs co\u00fbts abordables, leur installation rapide et leurs conceptions flexibles, les <strong>vari\u00e9t\u00e9s de cuisines et r\u00e9fectoires modulaires<\/strong> peuvent \u00eatre utilis\u00e9es sans probl\u00e8me dans n&rsquo;importe quelle zone o\u00f9 il y a un besoin de restauration.<\/p>\t\t\t\t\t\t\t\t<\/div>\n\t\t\t\t<\/div>\n\t\t\t\t\t<\/div>\n\t\t\t\t<\/div>\n\t\t<div class=\"elementor-element elementor-element-a4550f1 e-flex e-con-boxed e-con e-parent\" data-id=\"a4550f1\" data-element_type=\"container\">\n\t\t\t\t\t<div class=\"e-con-inner\">\n\t\t\t\t<div class=\"elementor-element elementor-element-0551a1c elementor-widget elementor-widget-heading\" data-id=\"0551a1c\" data-element_type=\"widget\" data-widget_type=\"heading.default\">\n\t\t\t\t<div class=\"elementor-widget-container\">\n\t\t\t\t\t<h2 class=\"elementor-heading-title elementor-size-default\">Cuisines modulaires et projets de r\u00e9fectoires<\/h2>\t\t\t\t<\/div>\n\t\t\t\t<\/div>\n\t\t\t\t\t<\/div>\n\t\t\t\t<\/div>\n\t\t<div class=\"elementor-element elementor-element-4470db9 e-grid e-con-boxed e-con e-parent\" data-id=\"4470db9\" data-element_type=\"container\">\n\t\t\t\t\t<div class=\"e-con-inner\">\n\t\t\t\t<div class=\"elementor-element elementor-element-8c69e90 elementor-widget elementor-widget-image\" data-id=\"8c69e90\" data-element_type=\"widget\" data-widget_type=\"image.default\">\n\t\t\t\t<div class=\"elementor-widget-container\">\n\t\t\t\t\t\t\t\t\t\t\t\t\t\t\t<img loading=\"lazy\" decoding=\"async\" width=\"800\" height=\"437\" src=\"https:\/\/apecmodular.com\/wp-content\/uploads\/2025\/02\/modular-kitchens-dining-halls-15-1-1024x559.webp\" class=\"attachment-large size-large wp-image-20330\" alt=\"\" srcset=\"https:\/\/apecmodular.com\/wp-content\/uploads\/2025\/02\/modular-kitchens-dining-halls-15-1-1024x559.webp 1024w, https:\/\/apecmodular.com\/wp-content\/uploads\/2025\/02\/modular-kitchens-dining-halls-15-1-300x164.webp 300w, https:\/\/apecmodular.com\/wp-content\/uploads\/2025\/02\/modular-kitchens-dining-halls-15-1-768x419.webp 768w, https:\/\/apecmodular.com\/wp-content\/uploads\/2025\/02\/modular-kitchens-dining-halls-15-1.webp 1408w\" sizes=\"(max-width: 800px) 100vw, 800px\" title=\"\">\t\t\t\t\t\t\t\t\t\t\t\t\t\t\t<\/div>\n\t\t\t\t<\/div>\n\t\t\t\t<div class=\"elementor-element elementor-element-9cd35d6 elementor-widget elementor-widget-image\" data-id=\"9cd35d6\" data-element_type=\"widget\" data-widget_type=\"image.default\">\n\t\t\t\t<div class=\"elementor-widget-container\">\n\t\t\t\t\t\t\t\t\t\t\t\t\t\t\t<img loading=\"lazy\" decoding=\"async\" width=\"800\" height=\"437\" src=\"https:\/\/apecmodular.com\/wp-content\/uploads\/2025\/02\/modular-kitchens-dining-halls-14-1-1024x559.webp\" class=\"attachment-large size-large wp-image-20335\" alt=\"\" srcset=\"https:\/\/apecmodular.com\/wp-content\/uploads\/2025\/02\/modular-kitchens-dining-halls-14-1-1024x559.webp 1024w, https:\/\/apecmodular.com\/wp-content\/uploads\/2025\/02\/modular-kitchens-dining-halls-14-1-300x164.webp 300w, https:\/\/apecmodular.com\/wp-content\/uploads\/2025\/02\/modular-kitchens-dining-halls-14-1-768x419.webp 768w, https:\/\/apecmodular.com\/wp-content\/uploads\/2025\/02\/modular-kitchens-dining-halls-14-1.webp 1408w\" sizes=\"(max-width: 800px) 100vw, 800px\" title=\"\">\t\t\t\t\t\t\t\t\t\t\t\t\t\t\t<\/div>\n\t\t\t\t<\/div>\n\t\t\t\t<div class=\"elementor-element elementor-element-8b438d1 elementor-widget elementor-widget-image\" data-id=\"8b438d1\" data-element_type=\"widget\" data-widget_type=\"image.default\">\n\t\t\t\t<div class=\"elementor-widget-container\">\n\t\t\t\t\t\t\t\t\t\t\t\t\t\t\t<img loading=\"lazy\" decoding=\"async\" width=\"800\" height=\"437\" src=\"https:\/\/apecmodular.com\/wp-content\/uploads\/2025\/02\/modular-kitchens-dining-halls-13-2-1-1024x559.webp\" class=\"attachment-large size-large wp-image-20340\" alt=\"Konteyner Yemekhane\" srcset=\"https:\/\/apecmodular.com\/wp-content\/uploads\/2025\/02\/modular-kitchens-dining-halls-13-2-1-1024x559.webp 1024w, https:\/\/apecmodular.com\/wp-content\/uploads\/2025\/02\/modular-kitchens-dining-halls-13-2-1-300x164.webp 300w, https:\/\/apecmodular.com\/wp-content\/uploads\/2025\/02\/modular-kitchens-dining-halls-13-2-1-768x419.webp 768w, https:\/\/apecmodular.com\/wp-content\/uploads\/2025\/02\/modular-kitchens-dining-halls-13-2-1.webp 1408w\" sizes=\"(max-width: 800px) 100vw, 800px\" title=\"\">\t\t\t\t\t\t\t\t\t\t\t\t\t\t\t<\/div>\n\t\t\t\t<\/div>\n\t\t\t\t<div class=\"elementor-element elementor-element-2594251 elementor-widget elementor-widget-image\" data-id=\"2594251\" data-element_type=\"widget\" data-widget_type=\"image.default\">\n\t\t\t\t<div class=\"elementor-widget-container\">\n\t\t\t\t\t\t\t\t\t\t\t\t\t\t\t<img loading=\"lazy\" decoding=\"async\" width=\"800\" height=\"437\" src=\"https:\/\/apecmodular.com\/wp-content\/uploads\/2025\/02\/modular-kitchens-dining-halls-12-1-1024x559.webp\" class=\"attachment-large size-large wp-image-20345\" alt=\"\" srcset=\"https:\/\/apecmodular.com\/wp-content\/uploads\/2025\/02\/modular-kitchens-dining-halls-12-1-1024x559.webp 1024w, https:\/\/apecmodular.com\/wp-content\/uploads\/2025\/02\/modular-kitchens-dining-halls-12-1-300x164.webp 300w, https:\/\/apecmodular.com\/wp-content\/uploads\/2025\/02\/modular-kitchens-dining-halls-12-1-768x419.webp 768w, https:\/\/apecmodular.com\/wp-content\/uploads\/2025\/02\/modular-kitchens-dining-halls-12-1.webp 1408w\" sizes=\"(max-width: 800px) 100vw, 800px\" title=\"\">\t\t\t\t\t\t\t\t\t\t\t\t\t\t\t<\/div>\n\t\t\t\t<\/div>\n\t\t\t\t<div class=\"elementor-element elementor-element-54e3dcf elementor-widget elementor-widget-image\" data-id=\"54e3dcf\" data-element_type=\"widget\" data-widget_type=\"image.default\">\n\t\t\t\t<div class=\"elementor-widget-container\">\n\t\t\t\t\t\t\t\t\t\t\t\t\t\t\t<img loading=\"lazy\" decoding=\"async\" width=\"800\" height=\"437\" src=\"https:\/\/apecmodular.com\/wp-content\/uploads\/2025\/02\/modular-kitchens-dining-halls-11-1-1024x559.webp\" class=\"attachment-large size-large wp-image-20350\" alt=\"\" srcset=\"https:\/\/apecmodular.com\/wp-content\/uploads\/2025\/02\/modular-kitchens-dining-halls-11-1-1024x559.webp 1024w, https:\/\/apecmodular.com\/wp-content\/uploads\/2025\/02\/modular-kitchens-dining-halls-11-1-300x164.webp 300w, https:\/\/apecmodular.com\/wp-content\/uploads\/2025\/02\/modular-kitchens-dining-halls-11-1-768x419.webp 768w, https:\/\/apecmodular.com\/wp-content\/uploads\/2025\/02\/modular-kitchens-dining-halls-11-1.webp 1408w\" sizes=\"(max-width: 800px) 100vw, 800px\" title=\"\">\t\t\t\t\t\t\t\t\t\t\t\t\t\t\t<\/div>\n\t\t\t\t<\/div>\n\t\t\t\t<div class=\"elementor-element elementor-element-80b13cf elementor-widget elementor-widget-image\" data-id=\"80b13cf\" data-element_type=\"widget\" data-widget_type=\"image.default\">\n\t\t\t\t<div class=\"elementor-widget-container\">\n\t\t\t\t\t\t\t\t\t\t\t\t\t\t\t<img decoding=\"async\" width=\"800\" height=\"437\" src=\"https:\/\/apecmodular.com\/wp-content\/uploads\/2025\/02\/modular-kitchens-dining-halls-7-1-1024x559.webp\" class=\"attachment-large size-large wp-image-20299\" alt=\"\" srcset=\"https:\/\/apecmodular.com\/wp-content\/uploads\/2025\/02\/modular-kitchens-dining-halls-7-1-1024x559.webp 1024w, https:\/\/apecmodular.com\/wp-content\/uploads\/2025\/02\/modular-kitchens-dining-halls-7-1-300x164.webp 300w, https:\/\/apecmodular.com\/wp-content\/uploads\/2025\/02\/modular-kitchens-dining-halls-7-1-768x419.webp 768w, https:\/\/apecmodular.com\/wp-content\/uploads\/2025\/02\/modular-kitchens-dining-halls-7-1.webp 1408w\" sizes=\"(max-width: 800px) 100vw, 800px\" title=\"\">\t\t\t\t\t\t\t\t\t\t\t\t\t\t\t<\/div>\n\t\t\t\t<\/div>\n\t\t\t\t\t<\/div>\n\t\t\t\t<\/div>\n\t\t\t\t<\/div>\n\t\t","protected":false},"excerpt":{"rendered":"<p>CUISINE ET R\u00c9FECTOIRE MODULAIRES Les structures de cuisine et r\u00e9fectoire modulaires offrent des solutions de restauration fonctionnelles et flexibles pour des groupes de toutes tailles. Elles se distinguent comme une option \u00e9conomique principalement sur les lieux de travail, les chantiers de construction, les camps militaires et les zones sinistr\u00e9es. Ces structures, qui constituent une excellente [&hellip;]<\/p>\n","protected":false},"author":1,"featured_media":0,"parent":0,"menu_order":0,"comment_status":"closed","ping_status":"closed","template":"","meta":{"inline_featured_image":false,"footnotes":""},"class_list":["post-17296","page","type-page","status-publish","hentry"],"_links":{"self":[{"href":"https:\/\/apecmodular.com\/fr\/wp-json\/wp\/v2\/pages\/17296","targetHints":{"allow":["GET"]}}],"collection":[{"href":"https:\/\/apecmodular.com\/fr\/wp-json\/wp\/v2\/pages"}],"about":[{"href":"https:\/\/apecmodular.com\/fr\/wp-json\/wp\/v2\/types\/page"}],"author":[{"embeddable":true,"href":"https:\/\/apecmodular.com\/fr\/wp-json\/wp\/v2\/users\/1"}],"replies":[{"embeddable":true,"href":"https:\/\/apecmodular.com\/fr\/wp-json\/wp\/v2\/comments?post=17296"}],"version-history":[{"count":0,"href":"https:\/\/apecmodular.com\/fr\/wp-json\/wp\/v2\/pages\/17296\/revisions"}],"wp:attachment":[{"href":"https:\/\/apecmodular.com\/fr\/wp-json\/wp\/v2\/media?parent=17296"}],"curies":[{"name":"wp","href":"https:\/\/api.w.org\/{rel}","templated":true}]}}