{"id":12582,"date":"2026-01-26T13:06:16","date_gmt":"2026-01-26T10:06:16","guid":{"rendered":"https:\/\/apecmodular.com\/?page_id=12582"},"modified":"2026-03-26T11:38:22","modified_gmt":"2026-03-26T08:38:22","slug":"mobil-ofisler","status":"publish","type":"page","link":"https:\/\/apecmodular.com\/tr\/mobil-ofisler\/","title":{"rendered":"Mobil Ofisler"},"content":{"rendered":"\t\t<div data-elementor-type=\"wp-page\" data-elementor-id=\"12582\" class=\"elementor elementor-12582\" data-elementor-post-type=\"page\">\n\t\t\t\t<div class=\"elementor-element elementor-element-87fa601 e-con-full e-flex e-con e-parent\" data-id=\"87fa601\" data-element_type=\"container\">\n\t\t\t\t<div class=\"elementor-element elementor-element-5c851a1 elementor-widget elementor-widget-image\" data-id=\"5c851a1\" data-element_type=\"widget\" data-widget_type=\"image.default\">\n\t\t\t\t<div class=\"elementor-widget-container\">\n\t\t\t\t\t\t\t\t\t\t\t\t\t\t\t<img fetchpriority=\"high\" decoding=\"async\" width=\"800\" height=\"448\" src=\"https:\/\/apecmodular.com\/wp-content\/uploads\/2023\/12\/Varlik-61500x-min-1024x574.webp\" class=\"attachment-large size-large wp-image-319\" alt=\"\" srcset=\"https:\/\/apecmodular.com\/wp-content\/uploads\/2023\/12\/Varlik-61500x-min-1024x574.webp 1024w, https:\/\/apecmodular.com\/wp-content\/uploads\/2023\/12\/Varlik-61500x-min-300x168.webp 300w, https:\/\/apecmodular.com\/wp-content\/uploads\/2023\/12\/Varlik-61500x-min-768x431.webp 768w, https:\/\/apecmodular.com\/wp-content\/uploads\/2023\/12\/Varlik-61500x-min.webp 1500w\" sizes=\"(max-width: 800px) 100vw, 800px\" title=\"\">\t\t\t\t\t\t\t\t\t\t\t\t\t\t\t<\/div>\n\t\t\t\t<\/div>\n\t\t\t\t<\/div>\n\t\t<div class=\"elementor-element elementor-element-ca2ef15 e-flex e-con-boxed e-con e-parent\" data-id=\"ca2ef15\" data-element_type=\"container\" data-settings=\"{&quot;background_background&quot;:&quot;classic&quot;}\">\n\t\t\t\t\t<div class=\"e-con-inner\">\n\t\t<div class=\"elementor-element elementor-element-0fe0b70 e-flex e-con-boxed e-con e-child\" data-id=\"0fe0b70\" data-element_type=\"container\" data-settings=\"{&quot;background_background&quot;:&quot;classic&quot;}\">\n\t\t\t\t\t<div class=\"e-con-inner\">\n\t\t\t\t<div class=\"elementor-element elementor-element-cc06ca3 elementor-widget__width-initial elementor-widget elementor-widget-heading\" data-id=\"cc06ca3\" data-element_type=\"widget\" data-widget_type=\"heading.default\">\n\t\t\t\t<div class=\"elementor-widget-container\">\n\t\t\t\t\t<h1 class=\"elementor-heading-title elementor-size-default\">MOB\u0130L OF\u0130SLER: \u0130N\u015eAAT SEKT\u00d6R\u00dcN\u00dcN \u00c7EV\u0130K \u00c7\u00d6Z\u00dcM ORTA\u011eI<\/h1>\t\t\t\t<\/div>\n\t\t\t\t<\/div>\n\t\t\t\t\t<\/div>\n\t\t\t\t<\/div>\n\t\t\t\t\t<\/div>\n\t\t\t\t<\/div>\n\t\t<div class=\"elementor-element elementor-element-fe8f5e6 e-flex e-con-boxed e-con e-parent\" data-id=\"fe8f5e6\" data-element_type=\"container\">\n\t\t\t\t\t<div class=\"e-con-inner\">\n\t\t\t\t<div class=\"elementor-element elementor-element-f540e5f elementor-widget elementor-widget-text-editor\" data-id=\"f540e5f\" data-element_type=\"widget\" data-widget_type=\"text-editor.default\">\n\t\t\t\t<div class=\"elementor-widget-container\">\n\t\t\t\t\t\t\t\t\t<p>Modern in\u015faat d\u00fcnyas\u0131nda zaman, verimlilik ve mobilite ba\u015far\u0131n\u0131n anahtar\u0131d\u0131r. \u0130novatif mod\u00fcler yap\u0131 \u00e7\u00f6z\u00fcmlerimizle, \u015fantiyelerinizde y\u00fcksek kaliteli, h\u0131zl\u0131 kurulabilen ve tamamen fonksiyonel mobil ofisler sunuyoruz. \u00d6zg\u00fcn ak\u0131ll\u0131 hafif \u00e7elik yap\u0131 teknolojimiz sayesinde, projenizin ihtiya\u00e7lar\u0131na \u00f6zel, dayan\u0131kl\u0131 ve esnek \u00e7al\u0131\u015fma alanlar\u0131 yarat\u0131yoruz.<\/p>\t\t\t\t\t\t\t\t<\/div>\n\t\t\t\t<\/div>\n\t\t\t\t\t<\/div>\n\t\t\t\t<\/div>\n\t\t<div class=\"elementor-element elementor-element-27a6d94 e-flex e-con-boxed e-con e-child\" data-id=\"27a6d94\" data-element_type=\"container\">\n\t\t\t\t\t<div class=\"e-con-inner\">\n\t\t<div class=\"elementor-element elementor-element-8078b84 e-flex e-con-boxed e-con e-child\" data-id=\"8078b84\" data-element_type=\"container\">\n\t\t\t\t\t<div class=\"e-con-inner\">\n\t\t\t\t<div class=\"elementor-element elementor-element-777b6fa gallery-spacing-custom elementor-widget__width-initial elementor-widget elementor-widget-image-gallery\" data-id=\"777b6fa\" data-element_type=\"widget\" data-widget_type=\"image-gallery.default\">\n\t\t\t\t<div class=\"elementor-widget-container\">\n\t\t\t\t\t\t\t<div class=\"elementor-image-gallery\">\n\t\t\t<div id='gallery-1' class='gallery galleryid-12582 gallery-columns-2 gallery-size-medium_large'><figure class='gallery-item'>\n\t\t\t<div class='gallery-icon landscape'>\n\t\t\t\t<a data-elementor-open-lightbox=\"yes\" data-elementor-lightbox-slideshow=\"777b6fa\" data-elementor-lightbox-title=\"cccccc\" data-e-action-hash=\"#elementor-action%3Aaction%3Dlightbox%26settings%3DeyJpZCI6MTQ1MTksInVybCI6Imh0dHBzOlwvXC9hcGVjbW9kdWxhci5jb21cL3dwLWNvbnRlbnRcL3VwbG9hZHNcLzIwMjRcLzA1XC9jY2NjY2Mud2VicCIsInNsaWRlc2hvdyI6Ijc3N2I2ZmEifQ%3D%3D\" href='https:\/\/apecmodular.com\/wp-content\/uploads\/2024\/05\/cccccc.webp'><img decoding=\"async\" width=\"768\" height=\"500\" src=\"https:\/\/apecmodular.com\/wp-content\/uploads\/2024\/05\/cccccc-768x500.webp\" class=\"attachment-medium_large size-medium_large\" alt=\"\" srcset=\"https:\/\/apecmodular.com\/wp-content\/uploads\/2024\/05\/cccccc-768x500.webp 768w, https:\/\/apecmodular.com\/wp-content\/uploads\/2024\/05\/cccccc-300x195.webp 300w, https:\/\/apecmodular.com\/wp-content\/uploads\/2024\/05\/cccccc-1024x666.webp 1024w, https:\/\/apecmodular.com\/wp-content\/uploads\/2024\/05\/cccccc.webp 1280w\" sizes=\"(max-width: 768px) 100vw, 768px\" title=\"\"><\/a>\n\t\t\t<\/div><\/figure><figure class='gallery-item'>\n\t\t\t<div class='gallery-icon landscape'>\n\t\t\t\t<a data-elementor-open-lightbox=\"yes\" data-elementor-lightbox-slideshow=\"777b6fa\" data-elementor-lightbox-title=\"shutterstock_2298335903\" data-e-action-hash=\"#elementor-action%3Aaction%3Dlightbox%26settings%3DeyJpZCI6MTQ1MTQsInVybCI6Imh0dHBzOlwvXC9hcGVjbW9kdWxhci5jb21cL3dwLWNvbnRlbnRcL3VwbG9hZHNcLzIwMjRcLzA1XC9zaHV0dGVyc3RvY2tfMjI5ODMzNTkwMy53ZWJwIiwic2xpZGVzaG93IjoiNzc3YjZmYSJ9\" href='https:\/\/apecmodular.com\/wp-content\/uploads\/2024\/05\/shutterstock_2298335903.webp'><img decoding=\"async\" width=\"768\" height=\"500\" src=\"https:\/\/apecmodular.com\/wp-content\/uploads\/2024\/05\/shutterstock_2298335903-768x500.webp\" class=\"attachment-medium_large size-medium_large\" alt=\"\" srcset=\"https:\/\/apecmodular.com\/wp-content\/uploads\/2024\/05\/shutterstock_2298335903-768x500.webp 768w, https:\/\/apecmodular.com\/wp-content\/uploads\/2024\/05\/shutterstock_2298335903-300x195.webp 300w, https:\/\/apecmodular.com\/wp-content\/uploads\/2024\/05\/shutterstock_2298335903-1024x667.webp 1024w, https:\/\/apecmodular.com\/wp-content\/uploads\/2024\/05\/shutterstock_2298335903.webp 1280w\" sizes=\"(max-width: 768px) 100vw, 768px\" title=\"\"><\/a>\n\t\t\t<\/div><\/figure>\n\t\t<\/div>\n\t\t<\/div>\n\t\t\t\t\t\t<\/div>\n\t\t\t\t<\/div>\n\t\t\t\t\t<\/div>\n\t\t\t\t<\/div>\n\t\t\t\t\t<\/div>\n\t\t\t\t<\/div>\n\t\t<div class=\"elementor-element elementor-element-525f24e e-flex e-con-boxed e-con e-parent\" data-id=\"525f24e\" data-element_type=\"container\">\n\t\t\t\t\t<div class=\"e-con-inner\">\n\t\t\t\t<div class=\"elementor-element elementor-element-a282a2f elementor-widget elementor-widget-heading\" data-id=\"a282a2f\" data-element_type=\"widget\" data-widget_type=\"heading.default\">\n\t\t\t\t<div class=\"elementor-widget-container\">\n\t\t\t\t\t<h2 class=\"elementor-heading-title elementor-size-default\">Projeleriniz \u0130\u00e7in Ak\u0131ll\u0131, Esnek ve Dayan\u0131kl\u0131 Mobil Ofis \u00c7\u00f6z\u00fcmleri<\/h2>\t\t\t\t<\/div>\n\t\t\t\t<\/div>\n\t\t\t\t\t<\/div>\n\t\t\t\t<\/div>\n\t\t<div class=\"elementor-element elementor-element-7dcd7d1 e-flex e-con-boxed e-con e-parent\" data-id=\"7dcd7d1\" data-element_type=\"container\">\n\t\t\t\t\t<div class=\"e-con-inner\">\n\t\t\t\t<div class=\"elementor-element elementor-element-dd98b1a elementor-widget elementor-widget-text-editor\" data-id=\"dd98b1a\" data-element_type=\"widget\" data-widget_type=\"text-editor.default\">\n\t\t\t\t<div class=\"elementor-widget-container\">\n\t\t\t\t\t\t\t\t\t<p>Mobil ofisler, g\u00fcn\u00fcm\u00fcz in\u015faat sekt\u00f6r\u00fcnde \u015fantiyelerin vazge\u00e7ilmez bir par\u00e7as\u0131 haline geldi. Geleneksel yap\u0131lara k\u0131yasla sundu\u011fu avantajlarla, mobil ofisler hem zaman hem de maliyet tasarrufu sa\u011flayarak projelerinizin verimlili\u011fini art\u0131r\u0131r. \u015eirketimiz, \u00e7a\u011fda\u015f mimari anlay\u0131\u015fla tasarlanm\u0131\u015f, m\u00fchendislik harikas\u0131 mobil ofis \u00e7\u00f6z\u00fcmleriyle, in\u015faat profesyonellerine ideal \u00e7al\u0131\u015fma ortamlar\u0131 sunmaktad\u0131r.<\/p>\t\t\t\t\t\t\t\t<\/div>\n\t\t\t\t<\/div>\n\t\t\t\t\t<\/div>\n\t\t\t\t<\/div>\n\t\t<div class=\"elementor-element elementor-element-7d9ea6a e-flex e-con-boxed e-con e-parent\" data-id=\"7d9ea6a\" data-element_type=\"container\">\n\t\t\t\t\t<div class=\"e-con-inner\">\n\t\t\t\t<div class=\"elementor-element elementor-element-29d976b elementor-widget elementor-widget-heading\" data-id=\"29d976b\" data-element_type=\"widget\" data-widget_type=\"heading.default\">\n\t\t\t\t<div class=\"elementor-widget-container\">\n\t\t\t\t\t<h3 class=\"elementor-heading-title elementor-size-default\">Mobil Ofis Nedir?<\/h3>\t\t\t\t<\/div>\n\t\t\t\t<\/div>\n\t\t\t\t\t<\/div>\n\t\t\t\t<\/div>\n\t\t<div class=\"elementor-element elementor-element-3cf576d e-flex e-con-boxed e-con e-parent\" data-id=\"3cf576d\" data-element_type=\"container\">\n\t\t\t\t\t<div class=\"e-con-inner\">\n\t\t\t\t<div class=\"elementor-element elementor-element-2011af7 elementor-widget elementor-widget-text-editor\" data-id=\"2011af7\" data-element_type=\"widget\" data-widget_type=\"text-editor.default\">\n\t\t\t\t<div class=\"elementor-widget-container\">\n\t\t\t\t\t\t\t\t\t<p>Mobil ofisler, \u015fantiye alanlar\u0131nda y\u00f6netim, teknik personel ve \u00e7al\u0131\u015fanlar i\u00e7in haz\u0131rlanan prefabrik, ta\u015f\u0131nabilir ve mod\u00fcler \u00e7al\u0131\u015fma alanlar\u0131d\u0131r. Geleneksel in\u015faat y\u00f6ntemlerinden farkl\u0131 olarak, fabrika ortam\u0131nda \u00fcretilen bu yap\u0131lar, sahada minimum montaj s\u00fcresiyle kurulabilir ve gerekti\u011finde farkl\u0131 lokasyonlara ta\u015f\u0131nabilir. Bu esneklik, in\u015faat projelerinin dinamik do\u011fas\u0131na m\u00fckemmel uyum sa\u011flar.<\/p>\t\t\t\t\t\t\t\t<\/div>\n\t\t\t\t<\/div>\n\t\t\t\t\t<\/div>\n\t\t\t\t<\/div>\n\t\t<div class=\"elementor-element elementor-element-898c7fd e-flex e-con-boxed e-con e-parent\" data-id=\"898c7fd\" data-element_type=\"container\">\n\t\t\t\t\t<div class=\"e-con-inner\">\n\t\t\t\t<div class=\"elementor-element elementor-element-5353332 elementor-widget elementor-widget-heading\" data-id=\"5353332\" data-element_type=\"widget\" data-widget_type=\"heading.default\">\n\t\t\t\t<div class=\"elementor-widget-container\">\n\t\t\t\t\t<h2 class=\"elementor-heading-title elementor-size-default\">Neden Mobil Ofis \u00c7\u00f6z\u00fcmlerimizi Tercih Etmelisiniz?<\/h2>\t\t\t\t<\/div>\n\t\t\t\t<\/div>\n\t\t\t\t\t<\/div>\n\t\t\t\t<\/div>\n\t\t<div class=\"elementor-element elementor-element-1d60561 e-flex e-con-boxed e-con e-parent\" data-id=\"1d60561\" data-element_type=\"container\">\n\t\t\t\t\t<div class=\"e-con-inner\">\n\t\t\t\t<div class=\"elementor-element elementor-element-df3445f elementor-widget elementor-widget-heading\" data-id=\"df3445f\" data-element_type=\"widget\" data-widget_type=\"heading.default\">\n\t\t\t\t<div class=\"elementor-widget-container\">\n\t\t\t\t\t<h3 class=\"elementor-heading-title elementor-size-default\">\u00dcst\u00fcn Kalite ve \u0130leri M\u00fchendislik<\/h3>\t\t\t\t<\/div>\n\t\t\t\t<\/div>\n\t\t\t\t\t<\/div>\n\t\t\t\t<\/div>\n\t\t<div class=\"elementor-element elementor-element-947b965 e-flex e-con-boxed e-con e-parent\" data-id=\"947b965\" data-element_type=\"container\">\n\t\t\t\t\t<div class=\"e-con-inner\">\n\t\t\t\t<div class=\"elementor-element elementor-element-8ce303c elementor-widget elementor-widget-text-editor\" data-id=\"8ce303c\" data-element_type=\"widget\" data-widget_type=\"text-editor.default\">\n\t\t\t\t<div class=\"elementor-widget-container\">\n\t\t\t\t\t\t\t\t\t<p class=\"whitespace-pre-wrap break-words\">Mobil ofislerimiz, s\u0131radan konteynerlerden \u00e7ok daha fazlas\u0131n\u0131 sunar. \u0130leri m\u00fchendislik prensipleri ve m\u00fckemmeliyet\u00e7i yakla\u015f\u0131m\u0131m\u0131zla, her bir mod\u00fcler \u00fcnite birinci s\u0131n\u0131f kalite standartlar\u0131nda \u00fcretilir. Ak\u0131ll\u0131 hafif \u00e7elik yap\u0131 teknolojimiz, geleneksel yap\u0131lardan daha hafif ancak e\u015fit derecede dayan\u0131kl\u0131 ofisler sunmam\u0131z\u0131 sa\u011flar \u2013 b\u00f6ylece hem nakliye maliyetleriniz d\u00fc\u015fer hem de kurulum s\u00fcresi k\u0131sal\u0131r.<\/p><p class=\"whitespace-pre-wrap break-words\">Mobil ofislerimizin temelinde yatan \u00f6zg\u00fcn hafif \u00e7elik konstr\u00fcksiyon teknolojimiz, yap\u0131lar\u0131n a\u011f\u0131rl\u0131\u011f\u0131n\u0131 azalt\u0131rken sa\u011flaml\u0131\u011f\u0131ndan \u00f6d\u00fcn vermez. Standart bir 30 m\u00b2 mobil ofis \u00fcnitemiz, geleneksel konteyner \u00e7\u00f6z\u00fcmlerinden %35 daha hafiftir, bu da nakliye maliyetlerinde \u00f6nemli tasarruf sa\u011flar ve \u00e7evresel etkiyi azalt\u0131r.<\/p>\t\t\t\t\t\t\t\t<\/div>\n\t\t\t\t<\/div>\n\t\t\t\t\t<\/div>\n\t\t\t\t<\/div>\n\t\t<div class=\"elementor-element elementor-element-7fd13ed e-flex e-con-boxed e-con e-parent\" data-id=\"7fd13ed\" data-element_type=\"container\">\n\t\t\t\t\t<div class=\"e-con-inner\">\n\t\t\t\t<div class=\"elementor-element elementor-element-1bb61cd elementor-widget elementor-widget-heading\" data-id=\"1bb61cd\" data-element_type=\"widget\" data-widget_type=\"heading.default\">\n\t\t\t\t<div class=\"elementor-widget-container\">\n\t\t\t\t\t<h3 class=\"elementor-heading-title elementor-size-default\">H\u0131zl\u0131 Teslim, H\u0131zl\u0131 Kurulum<\/h3>\t\t\t\t<\/div>\n\t\t\t\t<\/div>\n\t\t\t\t\t<\/div>\n\t\t\t\t<\/div>\n\t\t<div class=\"elementor-element elementor-element-fba74e3 e-flex e-con-boxed e-con e-parent\" data-id=\"fba74e3\" data-element_type=\"container\">\n\t\t\t\t\t<div class=\"e-con-inner\">\n\t\t\t\t<div class=\"elementor-element elementor-element-a7fb890 elementor-widget elementor-widget-text-editor\" data-id=\"a7fb890\" data-element_type=\"widget\" data-widget_type=\"text-editor.default\">\n\t\t\t\t<div class=\"elementor-widget-container\">\n\t\t\t\t\t\t\t\t\t<p class=\"whitespace-pre-wrap break-words\">Toplam 38.000 m\u00b2&#8217;lik alana kurulu \u00fcretim tesislerimizde, y\u0131ll\u0131k 2.000.000 m\u00b2&#8217;yi a\u015fan kapal\u0131 yap\u0131 alan\u0131 \u00fcretme kapasitemizle, projeleriniz ne kadar b\u00fcy\u00fck olursa olsun h\u0131zla teslim edebiliyoruz. Yap\u0131lan ara\u015ft\u0131rmalar, mod\u00fcler yap\u0131lar\u0131n geleneksel in\u015faata k\u0131yasla %20-50 daha h\u0131zl\u0131 tamamland\u0131\u011f\u0131n\u0131 g\u00f6steriyor. Bu h\u0131z avantaj\u0131, projenizin takviminde sizi \u00f6ne ge\u00e7irir ve h\u0131zla operasyona ba\u015flaman\u0131z\u0131 sa\u011flar.<\/p><p class=\"whitespace-pre-wrap break-words\">Mobil ofislerimiz, sipari\u015ften teslimata kadar ortalama 3-4 haftal\u0131k bir s\u00fcrede haz\u0131rlan\u0131r ve montaj\u0131 sadece 1-2 g\u00fcn i\u00e7inde tamamlanabilir. Bu h\u0131z, projelerinizin kritik zaman \u00e7izelgelerinde size rekabet avantaj\u0131 sa\u011flar.<\/p>\t\t\t\t\t\t\t\t<\/div>\n\t\t\t\t<\/div>\n\t\t\t\t\t<\/div>\n\t\t\t\t<\/div>\n\t\t<div class=\"elementor-element elementor-element-0f408fc e-flex e-con-boxed e-con e-parent\" data-id=\"0f408fc\" data-element_type=\"container\">\n\t\t\t\t\t<div class=\"e-con-inner\">\n\t\t\t\t<div class=\"elementor-element elementor-element-5fe5848 elementor-widget elementor-widget-heading\" data-id=\"5fe5848\" data-element_type=\"widget\" data-widget_type=\"heading.default\">\n\t\t\t\t<div class=\"elementor-widget-container\">\n\t\t\t\t\t<h3 class=\"elementor-heading-title elementor-size-default\">S\u00fcrd\u00fcr\u00fclebilir ve \u00c7evre Dostu Mobil Ofisler<\/h3>\t\t\t\t<\/div>\n\t\t\t\t<\/div>\n\t\t\t\t\t<\/div>\n\t\t\t\t<\/div>\n\t\t<div class=\"elementor-element elementor-element-d32bf94 e-flex e-con-boxed e-con e-parent\" data-id=\"d32bf94\" data-element_type=\"container\">\n\t\t\t\t\t<div class=\"e-con-inner\">\n\t\t\t\t<div class=\"elementor-element elementor-element-ec23fed elementor-widget elementor-widget-text-editor\" data-id=\"ec23fed\" data-element_type=\"widget\" data-widget_type=\"text-editor.default\">\n\t\t\t\t<div class=\"elementor-widget-container\">\n\t\t\t\t\t\t\t\t\t<p class=\"whitespace-pre-wrap break-words\">S\u00fcrd\u00fcr\u00fclebilirlik ilkemiz do\u011frultusunda tasarlanan mobil ofislerimiz, \u00e7evreye duyarl\u0131 yap\u0131 malzemeleri kullan\u0131r ve geleneksel in\u015faata g\u00f6re \u00e7ok daha az at\u0131k \u00fcretir. Enerji verimli ayd\u0131nlatma sistemleri, programlanabilir termostatlar ve y\u00fcksek yal\u0131t\u0131m standartlar\u0131 ile karbon ayak izinizi azalt\u0131rken, i\u015fletme maliyetlerinizi de d\u00fc\u015f\u00fcr\u00fcyoruz.<\/p><p class=\"whitespace-pre-wrap break-words\">Mobil ofislerimizde kullan\u0131lan \u00e7evre dostu malzemeler, geri d\u00f6n\u00fc\u015ft\u00fcr\u00fclebilir \u00f6zellikleriyle \u00f6ne \u00e7\u0131kar. Enerji tasarruflu bile\u015fenler ve ak\u0131ll\u0131 yal\u0131t\u0131m \u00e7\u00f6z\u00fcmleri, \u0131s\u0131tma ve so\u011futma maliyetlerini %30&#8217;a kadar azaltabilir. Bu \u00f6zellikleri ile mobil ofislerimiz, s\u00fcrd\u00fcr\u00fclebilir in\u015faat hedeflerinize katk\u0131da bulunur.<\/p>\t\t\t\t\t\t\t\t<\/div>\n\t\t\t\t<\/div>\n\t\t\t\t\t<\/div>\n\t\t\t\t<\/div>\n\t\t<div class=\"elementor-element elementor-element-bc41801 e-flex e-con-boxed e-con e-parent\" data-id=\"bc41801\" data-element_type=\"container\">\n\t\t\t\t\t<div class=\"e-con-inner\">\n\t\t\t\t<div class=\"elementor-element elementor-element-3f220b8 elementor-widget elementor-widget-heading\" data-id=\"3f220b8\" data-element_type=\"widget\" data-widget_type=\"heading.default\">\n\t\t\t\t<div class=\"elementor-widget-container\">\n\t\t\t\t\t<h3 class=\"elementor-heading-title elementor-size-default\">Esneklik ve Uyarlanabilirlik <\/h3>\t\t\t\t<\/div>\n\t\t\t\t<\/div>\n\t\t\t\t\t<\/div>\n\t\t\t\t<\/div>\n\t\t<div class=\"elementor-element elementor-element-9742089 e-flex e-con-boxed e-con e-parent\" data-id=\"9742089\" data-element_type=\"container\">\n\t\t\t\t\t<div class=\"e-con-inner\">\n\t\t\t\t<div class=\"elementor-element elementor-element-83a966f elementor-widget elementor-widget-text-editor\" data-id=\"83a966f\" data-element_type=\"widget\" data-widget_type=\"text-editor.default\">\n\t\t\t\t<div class=\"elementor-widget-container\">\n\t\t\t\t\t\t\t\t\t<p class=\"whitespace-pre-wrap break-words\">Projeleriniz b\u00fcy\u00fcd\u00fck\u00e7e ofis alanlar\u0131n\u0131z da b\u00fcy\u00fcyebilir. Mod\u00fcler yap\u0131lar\u0131n sundu\u011fu benzersiz esneklik sayesinde, ihtiya\u00e7lar\u0131n\u0131z de\u011fi\u015ftik\u00e7e ofislerinizi geni\u015fletebilir, k\u00fc\u00e7\u00fcltebilir veya tamamen farkl\u0131 bir lokasyona ta\u015f\u0131yabilirsiniz. Bu esneklik, uzun vadeli yat\u0131r\u0131mlar\u0131n\u0131z\u0131 korur ve varl\u0131klar\u0131n\u0131z\u0131 en verimli \u015fekilde kullanman\u0131z\u0131 sa\u011flar.<\/p><p class=\"whitespace-pre-wrap break-words\">Mobil ofislerimiz, konfig\u00fcrasyon esnekli\u011fi sunar: tek \u00fcniteler, \u00e7oklu kompleksler veya \u00e7ok katl\u0131 yap\u0131lar olu\u015fturabilirsiniz. Standart mod\u00fcllerimiz, farkl\u0131 kombinasyonlarda bir araya getirilebilir, b\u00f6ylece 10 m\u00b2&#8217;den 1000 m\u00b2&#8217;ye kadar de\u011fi\u015fen \u00e7al\u0131\u015fma alanlar\u0131 olu\u015fturulabilir.<\/p>\t\t\t\t\t\t\t\t<\/div>\n\t\t\t\t<\/div>\n\t\t\t\t\t<\/div>\n\t\t\t\t<\/div>\n\t\t<div class=\"elementor-element elementor-element-1700a5e e-flex e-con-boxed e-con e-parent\" data-id=\"1700a5e\" data-element_type=\"container\">\n\t\t\t\t\t<div class=\"e-con-inner\">\n\t\t\t\t<div class=\"elementor-element elementor-element-924f85f elementor-widget elementor-widget-heading\" data-id=\"924f85f\" data-element_type=\"widget\" data-widget_type=\"heading.default\">\n\t\t\t\t<div class=\"elementor-widget-container\">\n\t\t\t\t\t<h2 class=\"elementor-heading-title elementor-size-default\">Uluslararas\u0131 Standartlarda Kalite<\/h2>\t\t\t\t<\/div>\n\t\t\t\t<\/div>\n\t\t\t\t\t<\/div>\n\t\t\t\t<\/div>\n\t\t<div class=\"elementor-element elementor-element-bdee237 e-flex e-con-boxed e-con e-parent\" data-id=\"bdee237\" data-element_type=\"container\">\n\t\t\t\t\t<div class=\"e-con-inner\">\n\t\t\t\t<div class=\"elementor-element elementor-element-64ab95b elementor-widget elementor-widget-text-editor\" data-id=\"64ab95b\" data-element_type=\"widget\" data-widget_type=\"text-editor.default\">\n\t\t\t\t<div class=\"elementor-widget-container\">\n\t\t\t\t\t\t\t\t\t<p class=\"whitespace-pre-wrap break-words\">4 k\u0131ta ve 40&#8217;tan fazla \u00fclkeye ula\u015fan i\u015f hacmimizle, uluslararas\u0131 standartlarda \u00fcr\u00fcn ve hizmet sunmay\u0131 ilke edindik. Her bir mobil ofis \u00fcnitesi, yerel yap\u0131 kodlar\u0131na uygun olarak \u00fcretilir ve zorlu \u015fantiye ko\u015fullar\u0131na dayanacak \u015fekilde tasarlan\u0131r. D\u00fcnyada lider bir marka olma vizyonumuz do\u011frultusunda, t\u00fcm projelerimizde en y\u00fcksek kalite standartlar\u0131n\u0131 koruyoruz.<\/p><p class=\"whitespace-pre-wrap break-words\">ISO 9001:2015 kalite y\u00f6netim sistemi sertifikas\u0131na sahip tesislerimizde \u00fcretilen mobil ofislerimiz, uluslararas\u0131 standartlara uygunlu\u011fuyla \u00f6ne \u00e7\u0131kar. Avrupa CE standard\u0131, Amerikan ASTM standartlar\u0131 ve di\u011fer b\u00f6lgesel yap\u0131 kodlar\u0131na uygun \u00fcr\u00fcnlerimiz, d\u00fcnyan\u0131n her yerinde g\u00fcvenle kullan\u0131labilir.<\/p>\t\t\t\t\t\t\t\t<\/div>\n\t\t\t\t<\/div>\n\t\t\t\t\t<\/div>\n\t\t\t\t<\/div>\n\t\t<div class=\"elementor-element elementor-element-10b050d e-flex e-con-boxed e-con e-parent\" data-id=\"10b050d\" data-element_type=\"container\">\n\t\t\t\t\t<div class=\"e-con-inner\">\n\t\t\t\t<div class=\"elementor-element elementor-element-d0d85a5 elementor-widget elementor-widget-heading\" data-id=\"d0d85a5\" data-element_type=\"widget\" data-widget_type=\"heading.default\">\n\t\t\t\t<div class=\"elementor-widget-container\">\n\t\t\t\t\t<h2 class=\"elementor-heading-title elementor-size-default\">M\u00fc\u015fteri Ba\u015far\u0131 Hikayeleri<\/h2>\t\t\t\t<\/div>\n\t\t\t\t<\/div>\n\t\t\t\t\t<\/div>\n\t\t\t\t<\/div>\n\t\t<div class=\"elementor-element elementor-element-9b51ef3 e-grid e-con-boxed e-con e-parent\" data-id=\"9b51ef3\" data-element_type=\"container\">\n\t\t\t\t\t<div class=\"e-con-inner\">\n\t\t\t\t<div class=\"elementor-element elementor-element-9186a64 elementor-widget elementor-widget-testimonial\" data-id=\"9186a64\" data-element_type=\"widget\" data-widget_type=\"testimonial.default\">\n\t\t\t\t<div class=\"elementor-widget-container\">\n\t\t\t\t\t\t\t<div class=\"elementor-testimonial-wrapper\">\n\t\t\t\t\t\t\t<div class=\"elementor-testimonial-content\">\u015eantiyemizdeki mobil ofis \u00e7\u00f6z\u00fcmleri, projenin tamamlanma s\u00fcresini neredeyse %15 k\u0131saltt\u0131. Ekiplerimiz art\u0131k tam donan\u0131ml\u0131, konforlu bir ortamda \u00e7al\u0131\u015f\u0131yor ve verimlilik g\u00f6zle g\u00f6r\u00fcl\u00fcr \u015fekilde artt\u0131.<\/div>\n\t\t\t\n\t\t\t\t\t\t<div class=\"elementor-testimonial-meta elementor-has-image elementor-testimonial-image-position-aside\">\n\t\t\t\t<div class=\"elementor-testimonial-meta-inner\">\n\t\t\t\t\t\t\t\t\t\t\t<div class=\"elementor-testimonial-image\">\n\t\t\t\t\t\t\t<img decoding=\"async\" src=\"https:\/\/apecmodular.com\/wp-content\/plugins\/elementor\/assets\/images\/placeholder.png\" title=\"\" alt=\"\" loading=\"lazy\">\t\t\t\t\t\t<\/div>\n\t\t\t\t\t\n\t\t\t\t\t\t\t\t\t\t<div class=\"elementor-testimonial-details\">\n\t\t\t\t\t\t\t\t\t\t\t\t\t\t<div class=\"elementor-testimonial-name\">Ahmet Y.<\/div>\n\t\t\t\t\t\t\t\t\t\t\t\t\t\t\t\t\t\t\t\t\t\t<div class=\"elementor-testimonial-job\">\u0130n\u015faat M\u00fchendisi<\/div>\n\t\t\t\t\t\t\t\t\t\t\t\t\t<\/div>\n\t\t\t\t\t\t\t\t\t<\/div>\n\t\t\t<\/div>\n\t\t\t\t\t<\/div>\n\t\t\t\t\t\t<\/div>\n\t\t\t\t<\/div>\n\t\t\t\t<div class=\"elementor-element elementor-element-752e6ab elementor-widget elementor-widget-testimonial\" data-id=\"752e6ab\" data-element_type=\"widget\" data-widget_type=\"testimonial.default\">\n\t\t\t\t<div class=\"elementor-widget-container\">\n\t\t\t\t\t\t\t<div class=\"elementor-testimonial-wrapper\">\n\t\t\t\t\t\t\t<div class=\"elementor-testimonial-content\">5 farkl\u0131 \u00fclkede y\u00fcr\u00fctt\u00fc\u011f\u00fcm\u00fcz projelerde ayn\u0131 standart ve kalitede mobil ofisler kullanabilmek muazzam bir avantaj sa\u011fl\u0131yor. Uluslararas\u0131 ekiplerimiz i\u00e7in tutarl\u0131 ve profesyonel \u00e7al\u0131\u015fma ortamlar\u0131 sunabiliyoruz.<\/div>\n\t\t\t\n\t\t\t\t\t\t<div class=\"elementor-testimonial-meta elementor-has-image elementor-testimonial-image-position-aside\">\n\t\t\t\t<div class=\"elementor-testimonial-meta-inner\">\n\t\t\t\t\t\t\t\t\t\t\t<div class=\"elementor-testimonial-image\">\n\t\t\t\t\t\t\t<img decoding=\"async\" src=\"https:\/\/apecmodular.com\/wp-content\/plugins\/elementor\/assets\/images\/placeholder.png\" title=\"\" alt=\"\" loading=\"lazy\">\t\t\t\t\t\t<\/div>\n\t\t\t\t\t\n\t\t\t\t\t\t\t\t\t\t<div class=\"elementor-testimonial-details\">\n\t\t\t\t\t\t\t\t\t\t\t\t\t\t<div class=\"elementor-testimonial-name\">Mehmet K.<\/div>\n\t\t\t\t\t\t\t\t\t\t\t\t\t\t\t\t\t\t\t\t\t\t<div class=\"elementor-testimonial-job\">Proje M\u00fcd\u00fcr\u00fc<\/div>\n\t\t\t\t\t\t\t\t\t\t\t\t\t<\/div>\n\t\t\t\t\t\t\t\t\t<\/div>\n\t\t\t<\/div>\n\t\t\t\t\t<\/div>\n\t\t\t\t\t\t<\/div>\n\t\t\t\t<\/div>\n\t\t\t\t<div class=\"elementor-element elementor-element-f8c290b elementor-widget elementor-widget-testimonial\" data-id=\"f8c290b\" data-element_type=\"widget\" data-widget_type=\"testimonial.default\">\n\t\t\t\t<div class=\"elementor-widget-container\">\n\t\t\t\t\t\t\t<div class=\"elementor-testimonial-wrapper\">\n\t\t\t\t\t\t\t<div class=\"elementor-testimonial-content\">S\u00fcrd\u00fcr\u00fclebilirlik hedeflerimize ula\u015fmam\u0131zda enerji-verimli mobil ofis \u00e7\u00f6z\u00fcmleri kilit rol oynad\u0131. \u00dcstelik konfordan ve i\u015flevsellikten \u00f6d\u00fcn vermeden.<\/div>\n\t\t\t\n\t\t\t\t\t\t<div class=\"elementor-testimonial-meta elementor-has-image elementor-testimonial-image-position-aside\">\n\t\t\t\t<div class=\"elementor-testimonial-meta-inner\">\n\t\t\t\t\t\t\t\t\t\t\t<div class=\"elementor-testimonial-image\">\n\t\t\t\t\t\t\t<img decoding=\"async\" src=\"https:\/\/apecmodular.com\/wp-content\/plugins\/elementor\/assets\/images\/placeholder.png\" title=\"\" alt=\"\" loading=\"lazy\">\t\t\t\t\t\t<\/div>\n\t\t\t\t\t\n\t\t\t\t\t\t\t\t\t\t<div class=\"elementor-testimonial-details\">\n\t\t\t\t\t\t\t\t\t\t\t\t\t\t<div class=\"elementor-testimonial-name\">Ay\u015fe B.<\/div>\n\t\t\t\t\t\t\t\t\t\t\t\t\t\t\t\t\t\t\t\t\t\t<div class=\"elementor-testimonial-job\">Sat\u0131n Alma M\u00fcd\u00fcr\u00fc<\/div>\n\t\t\t\t\t\t\t\t\t\t\t\t\t<\/div>\n\t\t\t\t\t\t\t\t\t<\/div>\n\t\t\t<\/div>\n\t\t\t\t\t<\/div>\n\t\t\t\t\t\t<\/div>\n\t\t\t\t<\/div>\n\t\t\t\t\t<\/div>\n\t\t\t\t<\/div>\n\t\t<div class=\"elementor-element elementor-element-7bf88a8 e-flex e-con-boxed e-con e-parent\" data-id=\"7bf88a8\" data-element_type=\"container\">\n\t\t\t\t\t<div class=\"e-con-inner\">\n\t\t\t\t<div class=\"elementor-element elementor-element-6d26caa elementor-widget elementor-widget-heading\" data-id=\"6d26caa\" data-element_type=\"widget\" data-widget_type=\"heading.default\">\n\t\t\t\t<div class=\"elementor-widget-container\">\n\t\t\t\t\t<h2 class=\"elementor-heading-title elementor-size-default\">Eksiksiz Mobil Ofis \u00c7\u00f6z\u00fcmleri Sunuyoruz<\/h2>\t\t\t\t<\/div>\n\t\t\t\t<\/div>\n\t\t\t\t\t<\/div>\n\t\t\t\t<\/div>\n\t\t<div class=\"elementor-element elementor-element-8278b44 e-flex e-con-boxed e-con e-parent\" data-id=\"8278b44\" data-element_type=\"container\">\n\t\t\t\t\t<div class=\"e-con-inner\">\n\t\t\t\t<div class=\"elementor-element elementor-element-dbe3946 elementor-widget elementor-widget-text-editor\" data-id=\"dbe3946\" data-element_type=\"widget\" data-widget_type=\"text-editor.default\">\n\t\t\t\t<div class=\"elementor-widget-container\">\n\t\t\t\t\t\t\t\t\t<p>Mobil ofisleriniz, tam te\u015fekk\u00fcll\u00fc \u00e7al\u0131\u015fma alanlar\u0131 olarak teslim edilir. HVAC sistemleri, elektrik ve su tesisat\u0131, LED ayd\u0131nlatma, internet altyap\u0131s\u0131 ve ihtiya\u00e7 duydu\u011funuz t\u00fcm ofis \u00f6zellikleri standart olarak sunulur. \u0130ste\u011fe ba\u011fl\u0131 olarak, toplant\u0131 odalar\u0131, mutfak alanlar\u0131, du\u015f ve tuvaletler, \u00f6zel depolama \u00e7\u00f6z\u00fcmleri ve daha fazlas\u0131 ile konfig\u00fcrasyonunuzu zenginle\u015ftirebilirsiniz.<\/p>\t\t\t\t\t\t\t\t<\/div>\n\t\t\t\t<\/div>\n\t\t\t\t\t<\/div>\n\t\t\t\t<\/div>\n\t\t<div class=\"elementor-element elementor-element-6fc1b1f e-flex e-con-boxed e-con e-parent\" data-id=\"6fc1b1f\" data-element_type=\"container\">\n\t\t\t\t\t<div class=\"e-con-inner\">\n\t\t\t\t<div class=\"elementor-element elementor-element-45aa2c9 elementor-widget elementor-widget-heading\" data-id=\"45aa2c9\" data-element_type=\"widget\" data-widget_type=\"heading.default\">\n\t\t\t\t<div class=\"elementor-widget-container\">\n\t\t\t\t\t<h3 class=\"elementor-heading-title elementor-size-default\">\u00d6zelle\u015ftirilebilir Mobil Ofis Se\u00e7enekleri<\/h3>\t\t\t\t<\/div>\n\t\t\t\t<\/div>\n\t\t\t\t\t<\/div>\n\t\t\t\t<\/div>\n\t\t<div class=\"elementor-element elementor-element-63f693c e-flex e-con-boxed e-con e-parent\" data-id=\"63f693c\" data-element_type=\"container\">\n\t\t\t\t\t<div class=\"e-con-inner\">\n\t\t\t\t<div class=\"elementor-element elementor-element-b02ebd9 elementor-widget elementor-widget-text-editor\" data-id=\"b02ebd9\" data-element_type=\"widget\" data-widget_type=\"text-editor.default\">\n\t\t\t\t<div class=\"elementor-widget-container\">\n\t\t\t\t\t\t\t\t\t<ul><li class=\"whitespace-normal break-words\"><strong>Y\u00f6netici Ofisleri<\/strong>: \u00d6zel toplant\u0131 alanlar\u0131 ve l\u00fcks donan\u0131mlarla<\/li><li class=\"whitespace-normal break-words\"><strong>Proje Ofisleri<\/strong>: Geni\u015f \u00e7al\u0131\u015fma masalar\u0131 ve teknik ekipmanlarla<\/li><li class=\"whitespace-normal break-words\"><strong>\u00c7ok Fonksiyonlu Ofisler<\/strong>: Toplant\u0131, \u00e7al\u0131\u015fma ve dinlenme alanlar\u0131yla<\/li><li class=\"whitespace-normal break-words\"><strong>Teknik Ofisler<\/strong>: CAD istasyonlar\u0131 ve teknik \u00e7izim olanaklar\u0131yla<\/li><li class=\"whitespace-normal break-words\"><strong>Saha Laboratuvarlar\u0131<\/strong>: Test ve analiz ekipmanlar\u0131yla<\/li><li class=\"whitespace-normal break-words\"><strong>\u00c7ok Katl\u0131 Kompleksler<\/strong>: B\u00fcy\u00fck projeler i\u00e7in entegre \u00e7\u00f6z\u00fcmler<\/li><\/ul>\t\t\t\t\t\t\t\t<\/div>\n\t\t\t\t<\/div>\n\t\t\t\t\t<\/div>\n\t\t\t\t<\/div>\n\t\t<div class=\"elementor-element elementor-element-42f3a26 e-flex e-con-boxed e-con e-parent\" data-id=\"42f3a26\" data-element_type=\"container\">\n\t\t\t\t\t<div class=\"e-con-inner\">\n\t\t\t\t<div class=\"elementor-element elementor-element-9dae341 elementor-widget elementor-widget-heading\" data-id=\"9dae341\" data-element_type=\"widget\" data-widget_type=\"heading.default\">\n\t\t\t\t<div class=\"elementor-widget-container\">\n\t\t\t\t\t<h3 class=\"elementor-heading-title elementor-size-default\">Mobil Ofis Edinme S\u00fcreci: Basit, H\u0131zl\u0131, Etkili<\/h3>\t\t\t\t<\/div>\n\t\t\t\t<\/div>\n\t\t\t\t\t<\/div>\n\t\t\t\t<\/div>\n\t\t<div class=\"elementor-element elementor-element-cebd3ec e-flex e-con-boxed e-con e-parent\" data-id=\"cebd3ec\" data-element_type=\"container\">\n\t\t\t\t\t<div class=\"e-con-inner\">\n\t\t\t\t<div class=\"elementor-element elementor-element-79556dc elementor-widget elementor-widget-text-editor\" data-id=\"79556dc\" data-element_type=\"widget\" data-widget_type=\"text-editor.default\">\n\t\t\t\t<div class=\"elementor-widget-container\">\n\t\t\t\t\t\t\t\t\t<ul><li class=\"whitespace-normal break-words\"><strong>\u0130htiya\u00e7 Analizi ve Tasar\u0131m<\/strong>: \u0130htiya\u00e7lar\u0131n\u0131za \u00f6zel \u00e7\u00f6z\u00fcm i\u00e7in size \u00f6zel kons\u00fcltasyon<\/li><li class=\"whitespace-normal break-words\"><strong>M\u00fchendislik ve \u00d6zelle\u015ftirme<\/strong>: Projenizin teknik gereksinimlerine g\u00f6re mobil ofis tasar\u0131m\u0131<\/li><li class=\"whitespace-normal break-words\"><strong>\u00dcretim<\/strong>: 38.000 m\u00b2&#8217;lik tesislerimizde y\u00fcksek kalite standartlar\u0131nda \u00fcretim<\/li><li class=\"whitespace-normal break-words\"><strong>Teslimat<\/strong>: Uluslararas\u0131 lojistik a\u011f\u0131m\u0131zla h\u0131zl\u0131 ve g\u00fcvenli sevkiyat<\/li><li class=\"whitespace-normal break-words\"><strong>Kurulum<\/strong>: Uzman ekiplerimizle h\u0131zl\u0131 ve sorunsuz montaj<\/li><li class=\"whitespace-normal break-words\"><strong>Destek<\/strong>: Kurulum sonras\u0131 teknik destek ve bak\u0131m hizmetleri<\/li><\/ul>\t\t\t\t\t\t\t\t<\/div>\n\t\t\t\t<\/div>\n\t\t\t\t\t<\/div>\n\t\t\t\t<\/div>\n\t\t<div class=\"elementor-element elementor-element-ccecf7c e-flex e-con-boxed e-con e-parent\" data-id=\"ccecf7c\" data-element_type=\"container\">\n\t\t\t\t\t<div class=\"e-con-inner\">\n\t\t\t\t<div class=\"elementor-element elementor-element-bb33bec elementor-widget elementor-widget-heading\" data-id=\"bb33bec\" data-element_type=\"widget\" data-widget_type=\"heading.default\">\n\t\t\t\t<div class=\"elementor-widget-container\">\n\t\t\t\t\t<h3 class=\"elementor-heading-title elementor-size-default\">Neden Biz?<\/h3>\t\t\t\t<\/div>\n\t\t\t\t<\/div>\n\t\t\t\t\t<\/div>\n\t\t\t\t<\/div>\n\t\t<div class=\"elementor-element elementor-element-0abad6b e-flex e-con-boxed e-con e-parent\" data-id=\"0abad6b\" data-element_type=\"container\">\n\t\t\t\t\t<div class=\"e-con-inner\">\n\t\t\t\t<div class=\"elementor-element elementor-element-3fdebe1 elementor-widget elementor-widget-text-editor\" data-id=\"3fdebe1\" data-element_type=\"widget\" data-widget_type=\"text-editor.default\">\n\t\t\t\t<div class=\"elementor-widget-container\">\n\t\t\t\t\t\t\t\t\t<p class=\"whitespace-pre-wrap break-words\">Mod\u00fcler yap\u0131 sekt\u00f6r\u00fcnde uluslararas\u0131 bir lider olarak, projelerinizin ba\u015far\u0131s\u0131 i\u00e7in sizinle i\u015fbirli\u011fi yapmaya haz\u0131r\u0131z. \u0130novatif \u00fcr\u00fcn \u00e7\u00f6z\u00fcmlerimiz, birinci s\u0131n\u0131f \u00fcr\u00fcn kalitemiz ve \u00f6zg\u00fcn ak\u0131ll\u0131 hafif \u00e7elik yap\u0131 teknolojimizle, \u015fantiyelerinize de\u011fer katacak mobil ofis \u00e7\u00f6z\u00fcmleri i\u00e7in bize ula\u015f\u0131n.<\/p><p class=\"whitespace-pre-wrap break-words\">Y\u0131ll\u0131k 2.000.000 m\u00b2&#8217;yi a\u015fan \u00fcretim kapasitemiz, 4 k\u0131tada 40+ \u00fclkeye ula\u015fan deneyimimiz ve m\u00fckemmeliyet\u00e7i m\u00fchendislik anlay\u0131\u015f\u0131m\u0131zla, in\u015faat end\u00fcstrisinin mobil ofis ihtiya\u00e7lar\u0131n\u0131 kar\u015f\u0131lamada g\u00fcvenilir \u00e7\u00f6z\u00fcm orta\u011f\u0131n\u0131z\u0131z.<\/p><p class=\"whitespace-pre-wrap break-words\"><em>Projelerinize de\u011fer katacak mobil ofis \u00e7\u00f6z\u00fcmleri i\u00e7in bug\u00fcn bizimle ileti\u015fime ge\u00e7in!<\/em><\/p>\t\t\t\t\t\t\t\t<\/div>\n\t\t\t\t<\/div>\n\t\t\t\t\t<\/div>\n\t\t\t\t<\/div>\n\t\t\t\t<\/div>\n\t\t","protected":false},"excerpt":{"rendered":"<p>MOB\u0130L OF\u0130SLER: \u0130N\u015eAAT SEKT\u00d6R\u00dcN\u00dcN \u00c7EV\u0130K \u00c7\u00d6Z\u00dcM ORTA\u011eI Modern in\u015faat d\u00fcnyas\u0131nda zaman, verimlilik ve mobilite ba\u015far\u0131n\u0131n anahtar\u0131d\u0131r. \u0130novatif mod\u00fcler yap\u0131 \u00e7\u00f6z\u00fcmlerimizle, \u015fantiyelerinizde y\u00fcksek kaliteli, h\u0131zl\u0131 kurulabilen ve tamamen fonksiyonel mobil ofisler sunuyoruz. \u00d6zg\u00fcn ak\u0131ll\u0131 hafif \u00e7elik yap\u0131 teknolojimiz sayesinde, projenizin ihtiya\u00e7lar\u0131na \u00f6zel, dayan\u0131kl\u0131 ve esnek \u00e7al\u0131\u015fma alanlar\u0131 yarat\u0131yoruz. Projeleriniz \u0130\u00e7in Ak\u0131ll\u0131, Esnek ve Dayan\u0131kl\u0131 Mobil Ofis [&hellip;]<\/p>\n","protected":false},"author":1,"featured_media":0,"parent":0,"menu_order":0,"comment_status":"closed","ping_status":"closed","template":"","meta":{"inline_featured_image":false,"footnotes":""},"class_list":["post-12582","page","type-page","status-publish","hentry"],"_links":{"self":[{"href":"https:\/\/apecmodular.com\/tr\/wp-json\/wp\/v2\/pages\/12582","targetHints":{"allow":["GET"]}}],"collection":[{"href":"https:\/\/apecmodular.com\/tr\/wp-json\/wp\/v2\/pages"}],"about":[{"href":"https:\/\/apecmodular.com\/tr\/wp-json\/wp\/v2\/types\/page"}],"author":[{"embeddable":true,"href":"https:\/\/apecmodular.com\/tr\/wp-json\/wp\/v2\/users\/1"}],"replies":[{"embeddable":true,"href":"https:\/\/apecmodular.com\/tr\/wp-json\/wp\/v2\/comments?post=12582"}],"version-history":[{"count":1,"href":"https:\/\/apecmodular.com\/tr\/wp-json\/wp\/v2\/pages\/12582\/revisions"}],"predecessor-version":[{"id":25813,"href":"https:\/\/apecmodular.com\/tr\/wp-json\/wp\/v2\/pages\/12582\/revisions\/25813"}],"wp:attachment":[{"href":"https:\/\/apecmodular.com\/tr\/wp-json\/wp\/v2\/media?parent=12582"}],"curies":[{"name":"wp","href":"https:\/\/api.w.org\/{rel}","templated":true}]}}